{"id":19661,"date":"2025-09-03T14:17:12","date_gmt":"2025-09-03T14:17:12","guid":{"rendered":"https:\/\/aphasie.org\/?page_id=19661"},"modified":"2025-10-13T10:52:54","modified_gmt":"2025-10-13T10:52:54","slug":"evenements-pour-les-personnes-concernees","status":"publish","type":"page","link":"https:\/\/aphasie.org\/fr\/evenements-pour-les-personnes-concernees\/","title":{"rendered":"\u00c9v\u00e9nements pour les personnes concern\u00e9es"},"content":{"rendered":"\t\t<div data-elementor-type=\"wp-page\" data-elementor-id=\"19661\" class=\"elementor elementor-19661 elementor-19188\" data-elementor-post-type=\"page\">\n\t\t\t\t\t\t<section class=\"elementor-section elementor-top-section elementor-element elementor-element-fd46e65 elementor-section-boxed elementor-section-height-default elementor-section-height-default\" data-id=\"fd46e65\" data-element_type=\"section\" data-e-type=\"section\" data-settings=\"{&quot;jet_parallax_layout_list&quot;:[{&quot;jet_parallax_layout_image&quot;:{&quot;url&quot;:&quot;&quot;,&quot;id&quot;:&quot;&quot;,&quot;size&quot;:&quot;&quot;},&quot;_id&quot;:&quot;b82f757&quot;,&quot;jet_parallax_layout_image_tablet&quot;:{&quot;url&quot;:&quot;&quot;,&quot;id&quot;:&quot;&quot;,&quot;size&quot;:&quot;&quot;},&quot;jet_parallax_layout_image_mobile&quot;:{&quot;url&quot;:&quot;&quot;,&quot;id&quot;:&quot;&quot;,&quot;size&quot;:&quot;&quot;},&quot;jet_parallax_layout_speed&quot;:{&quot;unit&quot;:&quot;%&quot;,&quot;size&quot;:50,&quot;sizes&quot;:[]},&quot;jet_parallax_layout_type&quot;:&quot;scroll&quot;,&quot;jet_parallax_layout_direction&quot;:&quot;1&quot;,&quot;jet_parallax_layout_fx_direction&quot;:null,&quot;jet_parallax_layout_z_index&quot;:&quot;&quot;,&quot;jet_parallax_layout_bg_x&quot;:50,&quot;jet_parallax_layout_bg_x_tablet&quot;:&quot;&quot;,&quot;jet_parallax_layout_bg_x_mobile&quot;:&quot;&quot;,&quot;jet_parallax_layout_bg_y&quot;:50,&quot;jet_parallax_layout_bg_y_tablet&quot;:&quot;&quot;,&quot;jet_parallax_layout_bg_y_mobile&quot;:&quot;&quot;,&quot;jet_parallax_layout_bg_size&quot;:&quot;auto&quot;,&quot;jet_parallax_layout_bg_size_tablet&quot;:&quot;&quot;,&quot;jet_parallax_layout_bg_size_mobile&quot;:&quot;&quot;,&quot;jet_parallax_layout_animation_prop&quot;:&quot;transform&quot;,&quot;jet_parallax_layout_on&quot;:[&quot;desktop&quot;,&quot;tablet&quot;]}]}\">\n\t\t\t\t\t\t<div class=\"elementor-container elementor-column-gap-default\">\n\t\t\t\t\t<div class=\"elementor-column elementor-col-100 elementor-top-column elementor-element elementor-element-7e57a1b\" data-id=\"7e57a1b\" data-element_type=\"column\" data-e-type=\"column\">\n\t\t\t<div class=\"elementor-widget-wrap elementor-element-populated\">\n\t\t\t\t\t\t<div class=\"elementor-element elementor-element-ebf91ed elementor-widget elementor-widget-heading\" data-id=\"ebf91ed\" data-element_type=\"widget\" data-e-type=\"widget\" data-widget_type=\"heading.default\">\n\t\t\t\t<div class=\"elementor-widget-container\">\n\t\t\t\t\t<h1 class=\"elementor-heading-title elementor-size-default\">\u00c9v\u00e9nements pour les personnes concern\u00e9es<\/h1>\t\t\t\t<\/div>\n\t\t\t\t<\/div>\n\t\t\t\t<div class=\"elementor-element elementor-element-3ea0035 elementor-widget-divider--view-line elementor-widget elementor-widget-divider\" data-id=\"3ea0035\" data-element_type=\"widget\" data-e-type=\"widget\" data-widget_type=\"divider.default\">\n\t\t\t\t<div class=\"elementor-widget-container\">\n\t\t\t\t\t\t\t<div class=\"elementor-divider\">\n\t\t\t<span class=\"elementor-divider-separator\">\n\t\t\t\t\t\t<\/span>\n\t\t<\/div>\n\t\t\t\t\t\t<\/div>\n\t\t\t\t<\/div>\n\t\t\t\t<div class=\"elementor-element elementor-element-0782d79 elementor-widget elementor-widget-text-editor\" data-id=\"0782d79\" data-element_type=\"widget\" data-e-type=\"widget\" data-widget_type=\"text-editor.default\">\n\t\t\t\t<div class=\"elementor-widget-container\">\n\t\t\t\t\t\t\t\t\t<p>Les rencontres Aphasie sont un lieu de rencontre pour les personnes aphasiques.<br \/>Vous trouverez ici toutes les informations sur les activit\u00e9s propos\u00e9es dans votre r\u00e9gion, telles que les excursions, le caf\u00e9-discussion, les \u00e9v\u00e9nements cr\u00e9atifs et les r\u00e9p\u00e9titions de la chorale Aphasie Jodelchor.<\/p>\t\t\t\t\t\t\t\t<\/div>\n\t\t\t\t<\/div>\n\t\t\t\t<div class=\"elementor-element elementor-element-c63ca61 elementor-widget elementor-widget-jet-listing-grid\" data-id=\"c63ca61\" data-element_type=\"widget\" data-e-type=\"widget\" data-settings=\"{&quot;columns&quot;:3,&quot;columns_tablet&quot;:&quot;2&quot;,&quot;columns_mobile&quot;:&quot;1&quot;}\" data-widget_type=\"jet-listing-grid.default\">\n\t\t\t\t<div class=\"elementor-widget-container\">\n\t\t\t\t\t<div class=\"jet-listing-grid jet-listing\"><div class=\"jet-listing-grid__items grid-col-desk-3 grid-col-tablet-2 grid-col-mobile-1 jet-listing-grid--19201\" data-queried-id=\"19661|WP_Post\" data-nav=\"{&quot;enabled&quot;:false,&quot;type&quot;:null,&quot;more_el&quot;:null,&quot;query&quot;:[],&quot;widget_settings&quot;:{&quot;lisitng_id&quot;:19201,&quot;posts_num&quot;:20,&quot;columns&quot;:3,&quot;columns_tablet&quot;:2,&quot;columns_mobile&quot;:1,&quot;column_min_width&quot;:240,&quot;column_min_width_tablet&quot;:240,&quot;column_min_width_mobile&quot;:240,&quot;inline_columns_css&quot;:false,&quot;is_archive_template&quot;:&quot;&quot;,&quot;post_status&quot;:[&quot;publish&quot;],&quot;use_random_posts_num&quot;:&quot;&quot;,&quot;max_posts_num&quot;:9,&quot;not_found_message&quot;:&quot;No data was found&quot;,&quot;is_masonry&quot;:false,&quot;equal_columns_height&quot;:&quot;&quot;,&quot;use_load_more&quot;:&quot;&quot;,&quot;load_more_id&quot;:&quot;&quot;,&quot;load_more_type&quot;:&quot;click&quot;,&quot;load_more_offset&quot;:{&quot;unit&quot;:&quot;px&quot;,&quot;size&quot;:0,&quot;sizes&quot;:[]},&quot;use_custom_post_types&quot;:&quot;&quot;,&quot;custom_post_types&quot;:[],&quot;hide_widget_if&quot;:&quot;&quot;,&quot;carousel_enabled&quot;:&quot;&quot;,&quot;slides_to_scroll&quot;:&quot;1&quot;,&quot;arrows&quot;:&quot;true&quot;,&quot;arrow_icon&quot;:&quot;fa fa-angle-left&quot;,&quot;dots&quot;:&quot;&quot;,&quot;autoplay&quot;:&quot;true&quot;,&quot;pause_on_hover&quot;:&quot;true&quot;,&quot;autoplay_speed&quot;:5000,&quot;infinite&quot;:&quot;true&quot;,&quot;center_mode&quot;:&quot;&quot;,&quot;effect&quot;:&quot;slide&quot;,&quot;speed&quot;:500,&quot;inject_alternative_items&quot;:&quot;&quot;,&quot;injection_items&quot;:[],&quot;scroll_slider_enabled&quot;:&quot;&quot;,&quot;scroll_slider_on&quot;:[&quot;desktop&quot;,&quot;tablet&quot;,&quot;mobile&quot;],&quot;custom_query&quot;:false,&quot;custom_query_id&quot;:&quot;&quot;,&quot;_element_id&quot;:&quot;&quot;,&quot;collapse_first_last_gap&quot;:false,&quot;list_tag_selection&quot;:&quot;&quot;,&quot;list_items_wrapper_tag&quot;:&quot;div&quot;,&quot;list_item_tag&quot;:&quot;div&quot;,&quot;empty_items_wrapper_tag&quot;:&quot;div&quot;}}\" data-page=\"1\" data-pages=\"1\" data-listing-source=\"terms\" data-listing-id=\"19201\" data-query-id=\"\"><div class=\"jet-listing-grid__item jet-listing-dynamic-post-546\" data-post-id=\"546\"  >\t\t<div data-elementor-type=\"jet-listing-items\" data-elementor-id=\"19201\" class=\"elementor elementor-19201\" data-elementor-post-type=\"jet-engine\">\n\t\t\t\t<div class=\"elementor-element elementor-element-aa7d2b9 e-flex e-con-boxed e-con e-parent\" data-id=\"aa7d2b9\" data-element_type=\"container\" data-e-type=\"container\" data-settings=\"{&quot;background_background&quot;:&quot;classic&quot;,&quot;jet_parallax_layout_list&quot;:[]}\">\n\t\t\t\t\t<div class=\"e-con-inner\">\n\t\t\t\t<div class=\"elementor-element elementor-element-a325c07 elementor-widget elementor-widget-jet-listing-dynamic-link\" data-id=\"a325c07\" data-element_type=\"widget\" data-e-type=\"widget\" data-widget_type=\"jet-listing-dynamic-link.default\">\n\t\t\t\t<div class=\"elementor-widget-container\">\n\t\t\t\t\t<div class=\"jet-listing jet-listing-dynamic-link\"><a href=\"https:\/\/aphasie.org\/fr\/region\/aargau\/\" class=\"jet-listing-dynamic-link__link\"><i class=\"jet-listing-dynamic-link__icon fas fa-chevron-right\" aria-hidden=\"true\"><\/i><span class=\"jet-listing-dynamic-link__label\">Aargau<\/span><\/a><\/div>\t\t\t\t<\/div>\n\t\t\t\t<\/div>\n\t\t\t\t\t<\/div>\n\t\t\t\t<\/div>\n\t\t\t\t<\/div>\n\t\t<\/div><div class=\"jet-listing-grid__item jet-listing-dynamic-post-611\" data-post-id=\"611\"  >\t\t<div data-elementor-type=\"jet-listing-items\" data-elementor-id=\"19201\" class=\"elementor elementor-19201\" data-elementor-post-type=\"jet-engine\">\n\t\t\t\t<div class=\"elementor-element elementor-element-aa7d2b9 e-flex e-con-boxed e-con e-parent\" data-id=\"aa7d2b9\" data-element_type=\"container\" data-e-type=\"container\" data-settings=\"{&quot;background_background&quot;:&quot;classic&quot;,&quot;jet_parallax_layout_list&quot;:[]}\">\n\t\t\t\t\t<div class=\"e-con-inner\">\n\t\t\t\t<div class=\"elementor-element elementor-element-a325c07 elementor-widget elementor-widget-jet-listing-dynamic-link\" data-id=\"a325c07\" data-element_type=\"widget\" data-e-type=\"widget\" data-widget_type=\"jet-listing-dynamic-link.default\">\n\t\t\t\t<div class=\"elementor-widget-container\">\n\t\t\t\t\t<div class=\"jet-listing jet-listing-dynamic-link\"><a href=\"https:\/\/aphasie.org\/fr\/region\/appenzell-ausserrhoden\/\" class=\"jet-listing-dynamic-link__link\"><i class=\"jet-listing-dynamic-link__icon fas fa-chevron-right\" aria-hidden=\"true\"><\/i><span class=\"jet-listing-dynamic-link__label\">Appenzell Ausserrhoden<\/span><\/a><\/div>\t\t\t\t<\/div>\n\t\t\t\t<\/div>\n\t\t\t\t\t<\/div>\n\t\t\t\t<\/div>\n\t\t\t\t<\/div>\n\t\t<\/div><div class=\"jet-listing-grid__item jet-listing-dynamic-post-610\" data-post-id=\"610\"  >\t\t<div data-elementor-type=\"jet-listing-items\" data-elementor-id=\"19201\" class=\"elementor elementor-19201\" data-elementor-post-type=\"jet-engine\">\n\t\t\t\t<div class=\"elementor-element elementor-element-aa7d2b9 e-flex e-con-boxed e-con e-parent\" data-id=\"aa7d2b9\" data-element_type=\"container\" data-e-type=\"container\" data-settings=\"{&quot;background_background&quot;:&quot;classic&quot;,&quot;jet_parallax_layout_list&quot;:[]}\">\n\t\t\t\t\t<div class=\"e-con-inner\">\n\t\t\t\t<div class=\"elementor-element elementor-element-a325c07 elementor-widget elementor-widget-jet-listing-dynamic-link\" data-id=\"a325c07\" data-element_type=\"widget\" data-e-type=\"widget\" data-widget_type=\"jet-listing-dynamic-link.default\">\n\t\t\t\t<div class=\"elementor-widget-container\">\n\t\t\t\t\t<div class=\"jet-listing jet-listing-dynamic-link\"><a href=\"https:\/\/aphasie.org\/fr\/region\/basel\/\" class=\"jet-listing-dynamic-link__link\"><i class=\"jet-listing-dynamic-link__icon fas fa-chevron-right\" aria-hidden=\"true\"><\/i><span class=\"jet-listing-dynamic-link__label\">Basel<\/span><\/a><\/div>\t\t\t\t<\/div>\n\t\t\t\t<\/div>\n\t\t\t\t\t<\/div>\n\t\t\t\t<\/div>\n\t\t\t\t<\/div>\n\t\t<\/div><div class=\"jet-listing-grid__item jet-listing-dynamic-post-567\" data-post-id=\"567\"  >\t\t<div data-elementor-type=\"jet-listing-items\" data-elementor-id=\"19201\" class=\"elementor elementor-19201\" data-elementor-post-type=\"jet-engine\">\n\t\t\t\t<div class=\"elementor-element elementor-element-aa7d2b9 e-flex e-con-boxed e-con e-parent\" data-id=\"aa7d2b9\" data-element_type=\"container\" data-e-type=\"container\" data-settings=\"{&quot;background_background&quot;:&quot;classic&quot;,&quot;jet_parallax_layout_list&quot;:[]}\">\n\t\t\t\t\t<div class=\"e-con-inner\">\n\t\t\t\t<div class=\"elementor-element elementor-element-a325c07 elementor-widget elementor-widget-jet-listing-dynamic-link\" data-id=\"a325c07\" data-element_type=\"widget\" data-e-type=\"widget\" data-widget_type=\"jet-listing-dynamic-link.default\">\n\t\t\t\t<div class=\"elementor-widget-container\">\n\t\t\t\t\t<div class=\"jet-listing jet-listing-dynamic-link\"><a href=\"https:\/\/aphasie.org\/fr\/region\/bern\/\" class=\"jet-listing-dynamic-link__link\"><i class=\"jet-listing-dynamic-link__icon fas fa-chevron-right\" aria-hidden=\"true\"><\/i><span class=\"jet-listing-dynamic-link__label\">Bern<\/span><\/a><\/div>\t\t\t\t<\/div>\n\t\t\t\t<\/div>\n\t\t\t\t\t<\/div>\n\t\t\t\t<\/div>\n\t\t\t\t<\/div>\n\t\t<\/div><div class=\"jet-listing-grid__item jet-listing-dynamic-post-550\" data-post-id=\"550\"  >\t\t<div data-elementor-type=\"jet-listing-items\" data-elementor-id=\"19201\" class=\"elementor elementor-19201\" data-elementor-post-type=\"jet-engine\">\n\t\t\t\t<div class=\"elementor-element elementor-element-aa7d2b9 e-flex e-con-boxed e-con e-parent\" data-id=\"aa7d2b9\" data-element_type=\"container\" data-e-type=\"container\" data-settings=\"{&quot;background_background&quot;:&quot;classic&quot;,&quot;jet_parallax_layout_list&quot;:[]}\">\n\t\t\t\t\t<div class=\"e-con-inner\">\n\t\t\t\t<div class=\"elementor-element elementor-element-a325c07 elementor-widget elementor-widget-jet-listing-dynamic-link\" data-id=\"a325c07\" data-element_type=\"widget\" data-e-type=\"widget\" data-widget_type=\"jet-listing-dynamic-link.default\">\n\t\t\t\t<div class=\"elementor-widget-container\">\n\t\t\t\t\t<div class=\"jet-listing jet-listing-dynamic-link\"><a href=\"https:\/\/aphasie.org\/fr\/region\/biel-bienne\/\" class=\"jet-listing-dynamic-link__link\"><i class=\"jet-listing-dynamic-link__icon fas fa-chevron-right\" aria-hidden=\"true\"><\/i><span class=\"jet-listing-dynamic-link__label\">Biel\/ Bienne<\/span><\/a><\/div>\t\t\t\t<\/div>\n\t\t\t\t<\/div>\n\t\t\t\t\t<\/div>\n\t\t\t\t<\/div>\n\t\t\t\t<\/div>\n\t\t<\/div><div class=\"jet-listing-grid__item jet-listing-dynamic-post-551\" data-post-id=\"551\"  >\t\t<div data-elementor-type=\"jet-listing-items\" data-elementor-id=\"19201\" class=\"elementor elementor-19201\" data-elementor-post-type=\"jet-engine\">\n\t\t\t\t<div class=\"elementor-element elementor-element-aa7d2b9 e-flex e-con-boxed e-con e-parent\" data-id=\"aa7d2b9\" data-element_type=\"container\" data-e-type=\"container\" data-settings=\"{&quot;background_background&quot;:&quot;classic&quot;,&quot;jet_parallax_layout_list&quot;:[]}\">\n\t\t\t\t\t<div class=\"e-con-inner\">\n\t\t\t\t<div class=\"elementor-element elementor-element-a325c07 elementor-widget elementor-widget-jet-listing-dynamic-link\" data-id=\"a325c07\" data-element_type=\"widget\" data-e-type=\"widget\" data-widget_type=\"jet-listing-dynamic-link.default\">\n\t\t\t\t<div class=\"elementor-widget-container\">\n\t\t\t\t\t<div class=\"jet-listing jet-listing-dynamic-link\"><a href=\"https:\/\/aphasie.org\/fr\/region\/fribourg\/\" class=\"jet-listing-dynamic-link__link\"><i class=\"jet-listing-dynamic-link__icon fas fa-chevron-right\" aria-hidden=\"true\"><\/i><span class=\"jet-listing-dynamic-link__label\">Fribourg<\/span><\/a><\/div>\t\t\t\t<\/div>\n\t\t\t\t<\/div>\n\t\t\t\t\t<\/div>\n\t\t\t\t<\/div>\n\t\t\t\t<\/div>\n\t\t<\/div><div class=\"jet-listing-grid__item jet-listing-dynamic-post-552\" data-post-id=\"552\"  >\t\t<div data-elementor-type=\"jet-listing-items\" data-elementor-id=\"19201\" class=\"elementor elementor-19201\" data-elementor-post-type=\"jet-engine\">\n\t\t\t\t<div class=\"elementor-element elementor-element-aa7d2b9 e-flex e-con-boxed e-con e-parent\" data-id=\"aa7d2b9\" data-element_type=\"container\" data-e-type=\"container\" data-settings=\"{&quot;background_background&quot;:&quot;classic&quot;,&quot;jet_parallax_layout_list&quot;:[]}\">\n\t\t\t\t\t<div class=\"e-con-inner\">\n\t\t\t\t<div class=\"elementor-element elementor-element-a325c07 elementor-widget elementor-widget-jet-listing-dynamic-link\" data-id=\"a325c07\" data-element_type=\"widget\" data-e-type=\"widget\" data-widget_type=\"jet-listing-dynamic-link.default\">\n\t\t\t\t<div class=\"elementor-widget-container\">\n\t\t\t\t\t<div class=\"jet-listing jet-listing-dynamic-link\"><a href=\"https:\/\/aphasie.org\/fr\/region\/geneve\/\" class=\"jet-listing-dynamic-link__link\"><i class=\"jet-listing-dynamic-link__icon fas fa-chevron-right\" aria-hidden=\"true\"><\/i><span class=\"jet-listing-dynamic-link__label\">Gen\u00e8ve<\/span><\/a><\/div>\t\t\t\t<\/div>\n\t\t\t\t<\/div>\n\t\t\t\t\t<\/div>\n\t\t\t\t<\/div>\n\t\t\t\t<\/div>\n\t\t<\/div><div class=\"jet-listing-grid__item jet-listing-dynamic-post-547\" data-post-id=\"547\"  >\t\t<div data-elementor-type=\"jet-listing-items\" data-elementor-id=\"19201\" class=\"elementor elementor-19201\" data-elementor-post-type=\"jet-engine\">\n\t\t\t\t<div class=\"elementor-element elementor-element-aa7d2b9 e-flex e-con-boxed e-con e-parent\" data-id=\"aa7d2b9\" data-element_type=\"container\" data-e-type=\"container\" data-settings=\"{&quot;background_background&quot;:&quot;classic&quot;,&quot;jet_parallax_layout_list&quot;:[]}\">\n\t\t\t\t\t<div class=\"e-con-inner\">\n\t\t\t\t<div class=\"elementor-element elementor-element-a325c07 elementor-widget elementor-widget-jet-listing-dynamic-link\" data-id=\"a325c07\" data-element_type=\"widget\" data-e-type=\"widget\" data-widget_type=\"jet-listing-dynamic-link.default\">\n\t\t\t\t<div class=\"elementor-widget-container\">\n\t\t\t\t\t<div class=\"jet-listing jet-listing-dynamic-link\"><a href=\"https:\/\/aphasie.org\/fr\/region\/graubuenden\/\" class=\"jet-listing-dynamic-link__link\"><i class=\"jet-listing-dynamic-link__icon fas fa-chevron-right\" aria-hidden=\"true\"><\/i><span class=\"jet-listing-dynamic-link__label\">Graub\u00fcnden<\/span><\/a><\/div>\t\t\t\t<\/div>\n\t\t\t\t<\/div>\n\t\t\t\t\t<\/div>\n\t\t\t\t<\/div>\n\t\t\t\t<\/div>\n\t\t<\/div><div class=\"jet-listing-grid__item jet-listing-dynamic-post-553\" data-post-id=\"553\"  >\t\t<div data-elementor-type=\"jet-listing-items\" data-elementor-id=\"19201\" class=\"elementor elementor-19201\" data-elementor-post-type=\"jet-engine\">\n\t\t\t\t<div class=\"elementor-element elementor-element-aa7d2b9 e-flex e-con-boxed e-con e-parent\" data-id=\"aa7d2b9\" data-element_type=\"container\" data-e-type=\"container\" data-settings=\"{&quot;background_background&quot;:&quot;classic&quot;,&quot;jet_parallax_layout_list&quot;:[]}\">\n\t\t\t\t\t<div class=\"e-con-inner\">\n\t\t\t\t<div class=\"elementor-element elementor-element-a325c07 elementor-widget elementor-widget-jet-listing-dynamic-link\" data-id=\"a325c07\" data-element_type=\"widget\" data-e-type=\"widget\" data-widget_type=\"jet-listing-dynamic-link.default\">\n\t\t\t\t<div class=\"elementor-widget-container\">\n\t\t\t\t\t<div class=\"jet-listing jet-listing-dynamic-link\"><a href=\"https:\/\/aphasie.org\/fr\/region\/lausanne\/\" class=\"jet-listing-dynamic-link__link\"><i class=\"jet-listing-dynamic-link__icon fas fa-chevron-right\" aria-hidden=\"true\"><\/i><span class=\"jet-listing-dynamic-link__label\">Lausanne<\/span><\/a><\/div>\t\t\t\t<\/div>\n\t\t\t\t<\/div>\n\t\t\t\t\t<\/div>\n\t\t\t\t<\/div>\n\t\t\t\t<\/div>\n\t\t<\/div><div class=\"jet-listing-grid__item jet-listing-dynamic-post-545\" data-post-id=\"545\"  >\t\t<div data-elementor-type=\"jet-listing-items\" data-elementor-id=\"19201\" class=\"elementor elementor-19201\" data-elementor-post-type=\"jet-engine\">\n\t\t\t\t<div class=\"elementor-element elementor-element-aa7d2b9 e-flex e-con-boxed e-con e-parent\" data-id=\"aa7d2b9\" data-element_type=\"container\" data-e-type=\"container\" data-settings=\"{&quot;background_background&quot;:&quot;classic&quot;,&quot;jet_parallax_layout_list&quot;:[]}\">\n\t\t\t\t\t<div class=\"e-con-inner\">\n\t\t\t\t<div class=\"elementor-element elementor-element-a325c07 elementor-widget elementor-widget-jet-listing-dynamic-link\" data-id=\"a325c07\" data-element_type=\"widget\" data-e-type=\"widget\" data-widget_type=\"jet-listing-dynamic-link.default\">\n\t\t\t\t<div class=\"elementor-widget-container\">\n\t\t\t\t\t<div class=\"jet-listing jet-listing-dynamic-link\"><a href=\"https:\/\/aphasie.org\/fr\/region\/luzern\/\" class=\"jet-listing-dynamic-link__link\"><i class=\"jet-listing-dynamic-link__icon fas fa-chevron-right\" aria-hidden=\"true\"><\/i><span class=\"jet-listing-dynamic-link__label\">Luzern<\/span><\/a><\/div>\t\t\t\t<\/div>\n\t\t\t\t<\/div>\n\t\t\t\t\t<\/div>\n\t\t\t\t<\/div>\n\t\t\t\t<\/div>\n\t\t<\/div><div class=\"jet-listing-grid__item jet-listing-dynamic-post-554\" data-post-id=\"554\"  >\t\t<div data-elementor-type=\"jet-listing-items\" data-elementor-id=\"19201\" class=\"elementor elementor-19201\" data-elementor-post-type=\"jet-engine\">\n\t\t\t\t<div class=\"elementor-element elementor-element-aa7d2b9 e-flex e-con-boxed e-con e-parent\" data-id=\"aa7d2b9\" data-element_type=\"container\" data-e-type=\"container\" data-settings=\"{&quot;background_background&quot;:&quot;classic&quot;,&quot;jet_parallax_layout_list&quot;:[]}\">\n\t\t\t\t\t<div class=\"e-con-inner\">\n\t\t\t\t<div class=\"elementor-element elementor-element-a325c07 elementor-widget elementor-widget-jet-listing-dynamic-link\" data-id=\"a325c07\" data-element_type=\"widget\" data-e-type=\"widget\" data-widget_type=\"jet-listing-dynamic-link.default\">\n\t\t\t\t<div class=\"elementor-widget-container\">\n\t\t\t\t\t<div class=\"jet-listing jet-listing-dynamic-link\"><a href=\"https:\/\/aphasie.org\/fr\/region\/neuchatel\/\" class=\"jet-listing-dynamic-link__link\"><i class=\"jet-listing-dynamic-link__icon fas fa-chevron-right\" aria-hidden=\"true\"><\/i><span class=\"jet-listing-dynamic-link__label\">Neuch\u00e2tel<\/span><\/a><\/div>\t\t\t\t<\/div>\n\t\t\t\t<\/div>\n\t\t\t\t\t<\/div>\n\t\t\t\t<\/div>\n\t\t\t\t<\/div>\n\t\t<\/div><div class=\"jet-listing-grid__item jet-listing-dynamic-post-564\" data-post-id=\"564\"  >\t\t<div data-elementor-type=\"jet-listing-items\" data-elementor-id=\"19201\" class=\"elementor elementor-19201\" data-elementor-post-type=\"jet-engine\">\n\t\t\t\t<div class=\"elementor-element elementor-element-aa7d2b9 e-flex e-con-boxed e-con e-parent\" data-id=\"aa7d2b9\" data-element_type=\"container\" data-e-type=\"container\" data-settings=\"{&quot;background_background&quot;:&quot;classic&quot;,&quot;jet_parallax_layout_list&quot;:[]}\">\n\t\t\t\t\t<div class=\"e-con-inner\">\n\t\t\t\t<div class=\"elementor-element elementor-element-a325c07 elementor-widget elementor-widget-jet-listing-dynamic-link\" data-id=\"a325c07\" data-element_type=\"widget\" data-e-type=\"widget\" data-widget_type=\"jet-listing-dynamic-link.default\">\n\t\t\t\t<div class=\"elementor-widget-container\">\n\t\t\t\t\t<div class=\"jet-listing jet-listing-dynamic-link\"><a href=\"https:\/\/aphasie.org\/fr\/region\/st-gallen\/\" class=\"jet-listing-dynamic-link__link\"><i class=\"jet-listing-dynamic-link__icon fas fa-chevron-right\" aria-hidden=\"true\"><\/i><span class=\"jet-listing-dynamic-link__label\">St.Gallen<\/span><\/a><\/div>\t\t\t\t<\/div>\n\t\t\t\t<\/div>\n\t\t\t\t\t<\/div>\n\t\t\t\t<\/div>\n\t\t\t\t<\/div>\n\t\t<\/div><div class=\"jet-listing-grid__item jet-listing-dynamic-post-556\" data-post-id=\"556\"  >\t\t<div data-elementor-type=\"jet-listing-items\" data-elementor-id=\"19201\" class=\"elementor elementor-19201\" data-elementor-post-type=\"jet-engine\">\n\t\t\t\t<div class=\"elementor-element elementor-element-aa7d2b9 e-flex e-con-boxed e-con e-parent\" data-id=\"aa7d2b9\" data-element_type=\"container\" data-e-type=\"container\" data-settings=\"{&quot;background_background&quot;:&quot;classic&quot;,&quot;jet_parallax_layout_list&quot;:[]}\">\n\t\t\t\t\t<div class=\"e-con-inner\">\n\t\t\t\t<div class=\"elementor-element elementor-element-a325c07 elementor-widget elementor-widget-jet-listing-dynamic-link\" data-id=\"a325c07\" data-element_type=\"widget\" data-e-type=\"widget\" data-widget_type=\"jet-listing-dynamic-link.default\">\n\t\t\t\t<div class=\"elementor-widget-container\">\n\t\t\t\t\t<div class=\"jet-listing jet-listing-dynamic-link\"><a href=\"https:\/\/aphasie.org\/fr\/region\/ticino\/\" class=\"jet-listing-dynamic-link__link\"><i class=\"jet-listing-dynamic-link__icon fas fa-chevron-right\" aria-hidden=\"true\"><\/i><span class=\"jet-listing-dynamic-link__label\">Ticino<\/span><\/a><\/div>\t\t\t\t<\/div>\n\t\t\t\t<\/div>\n\t\t\t\t\t<\/div>\n\t\t\t\t<\/div>\n\t\t\t\t<\/div>\n\t\t<\/div><div class=\"jet-listing-grid__item jet-listing-dynamic-post-555\" data-post-id=\"555\"  >\t\t<div data-elementor-type=\"jet-listing-items\" data-elementor-id=\"19201\" class=\"elementor elementor-19201\" data-elementor-post-type=\"jet-engine\">\n\t\t\t\t<div class=\"elementor-element elementor-element-aa7d2b9 e-flex e-con-boxed e-con e-parent\" data-id=\"aa7d2b9\" data-element_type=\"container\" data-e-type=\"container\" data-settings=\"{&quot;background_background&quot;:&quot;classic&quot;,&quot;jet_parallax_layout_list&quot;:[]}\">\n\t\t\t\t\t<div class=\"e-con-inner\">\n\t\t\t\t<div class=\"elementor-element elementor-element-a325c07 elementor-widget elementor-widget-jet-listing-dynamic-link\" data-id=\"a325c07\" data-element_type=\"widget\" data-e-type=\"widget\" data-widget_type=\"jet-listing-dynamic-link.default\">\n\t\t\t\t<div class=\"elementor-widget-container\">\n\t\t\t\t\t<div class=\"jet-listing jet-listing-dynamic-link\"><a href=\"https:\/\/aphasie.org\/fr\/region\/valaisanne\/\" class=\"jet-listing-dynamic-link__link\"><i class=\"jet-listing-dynamic-link__icon fas fa-chevron-right\" aria-hidden=\"true\"><\/i><span class=\"jet-listing-dynamic-link__label\">Valaisanne<\/span><\/a><\/div>\t\t\t\t<\/div>\n\t\t\t\t<\/div>\n\t\t\t\t\t<\/div>\n\t\t\t\t<\/div>\n\t\t\t\t<\/div>\n\t\t<\/div><div class=\"jet-listing-grid__item jet-listing-dynamic-post-548\" data-post-id=\"548\"  >\t\t<div data-elementor-type=\"jet-listing-items\" data-elementor-id=\"19201\" class=\"elementor elementor-19201\" data-elementor-post-type=\"jet-engine\">\n\t\t\t\t<div class=\"elementor-element elementor-element-aa7d2b9 e-flex e-con-boxed e-con e-parent\" data-id=\"aa7d2b9\" data-element_type=\"container\" data-e-type=\"container\" data-settings=\"{&quot;background_background&quot;:&quot;classic&quot;,&quot;jet_parallax_layout_list&quot;:[]}\">\n\t\t\t\t\t<div class=\"e-con-inner\">\n\t\t\t\t<div class=\"elementor-element elementor-element-a325c07 elementor-widget elementor-widget-jet-listing-dynamic-link\" data-id=\"a325c07\" data-element_type=\"widget\" data-e-type=\"widget\" data-widget_type=\"jet-listing-dynamic-link.default\">\n\t\t\t\t<div class=\"elementor-widget-container\">\n\t\t\t\t\t<div class=\"jet-listing jet-listing-dynamic-link\"><a href=\"https:\/\/aphasie.org\/fr\/region\/zuerich\/\" class=\"jet-listing-dynamic-link__link\"><i class=\"jet-listing-dynamic-link__icon fas fa-chevron-right\" aria-hidden=\"true\"><\/i><span class=\"jet-listing-dynamic-link__label\">Z\u00fcrich<\/span><\/a><\/div>\t\t\t\t<\/div>\n\t\t\t\t<\/div>\n\t\t\t\t\t<\/div>\n\t\t\t\t<\/div>\n\t\t\t\t<\/div>\n\t\t<\/div><div class=\"jet-listing-grid__item jet-listing-dynamic-post-549\" data-post-id=\"549\"  >\t\t<div data-elementor-type=\"jet-listing-items\" data-elementor-id=\"19201\" class=\"elementor elementor-19201\" data-elementor-post-type=\"jet-engine\">\n\t\t\t\t<div class=\"elementor-element elementor-element-aa7d2b9 e-flex e-con-boxed e-con e-parent\" data-id=\"aa7d2b9\" data-element_type=\"container\" data-e-type=\"container\" data-settings=\"{&quot;background_background&quot;:&quot;classic&quot;,&quot;jet_parallax_layout_list&quot;:[]}\">\n\t\t\t\t\t<div class=\"e-con-inner\">\n\t\t\t\t<div class=\"elementor-element elementor-element-a325c07 elementor-widget elementor-widget-jet-listing-dynamic-link\" data-id=\"a325c07\" data-element_type=\"widget\" data-e-type=\"widget\" data-widget_type=\"jet-listing-dynamic-link.default\">\n\t\t\t\t<div class=\"elementor-widget-container\">\n\t\t\t\t\t<div class=\"jet-listing jet-listing-dynamic-link\"><a href=\"https:\/\/aphasie.org\/fr\/region\/zug\/\" class=\"jet-listing-dynamic-link__link\"><i class=\"jet-listing-dynamic-link__icon fas fa-chevron-right\" aria-hidden=\"true\"><\/i><span class=\"jet-listing-dynamic-link__label\">Zug<\/span><\/a><\/div>\t\t\t\t<\/div>\n\t\t\t\t<\/div>\n\t\t\t\t\t<\/div>\n\t\t\t\t<\/div>\n\t\t\t\t<\/div>\n\t\t<\/div><\/div><\/div>\t\t\t\t<\/div>\n\t\t\t\t<\/div>\n\t\t\t\t\t<\/div>\n\t\t<\/div>\n\t\t\t\t\t<\/div>\n\t\t<\/section>\n\t\t\t\t<\/div>\n\t\t","protected":false},"excerpt":{"rendered":"<p>\u00c9v\u00e9nements pour les personnes concern\u00e9es Les rencontres Aphasie sont un lieu de rencontre pour les personnes aphasiques.Vous trouverez ici toutes les informations sur les activit\u00e9s propos\u00e9es dans votre r\u00e9gion, telles que les excursions, le caf\u00e9-discussion, les \u00e9v\u00e9nements cr\u00e9atifs et les r\u00e9p\u00e9titions de la chorale Aphasie Jodelchor.<\/p>\n","protected":false},"author":7,"featured_media":0,"parent":0,"menu_order":0,"comment_status":"closed","ping_status":"closed","template":"","meta":{"footnotes":""},"class_list":["post-19661","page","type-page","status-publish","hentry"],"yoast_head":"<!-- This site is optimized with the Yoast SEO plugin v27.1.1 - https:\/\/yoast.com\/product\/yoast-seo-wordpress\/ -->\n<title>aphasie suisse | \u00c9v\u00e9nements pour les personnes concern\u00e9es<\/title>\n<meta name=\"robots\" content=\"index, follow, max-snippet:-1, max-image-preview:large, max-video-preview:-1\" \/>\n<link rel=\"canonical\" href=\"https:\/\/aphasie.org\/fr\/evenements-pour-les-personnes-concernees\/\" \/>\n<meta property=\"og:locale\" content=\"fr_FR\" \/>\n<meta property=\"og:type\" content=\"article\" \/>\n<meta property=\"og:title\" content=\"aphasie suisse | \u00c9v\u00e9nements pour les personnes concern\u00e9es\" \/>\n<meta property=\"og:description\" content=\"\u00c9v\u00e9nements pour les personnes concern\u00e9es Les rencontres Aphasie sont un lieu de rencontre pour les personnes aphasiques.Vous trouverez ici toutes les informations sur les activit\u00e9s propos\u00e9es dans votre r\u00e9gion, telles que les excursions, le caf\u00e9-discussion, les \u00e9v\u00e9nements cr\u00e9atifs et les r\u00e9p\u00e9titions de la chorale Aphasie Jodelchor.\" \/>\n<meta property=\"og:url\" content=\"https:\/\/aphasie.org\/fr\/evenements-pour-les-personnes-concernees\/\" \/>\n<meta property=\"og:site_name\" content=\"aphasie suisse\" \/>\n<meta property=\"article:modified_time\" content=\"2025-10-13T10:52:54+00:00\" \/>\n<meta name=\"twitter:card\" content=\"summary_large_image\" \/>\n<meta name=\"twitter:label1\" content=\"Dur\u00e9e de lecture estim\u00e9e\" \/>\n\t<meta name=\"twitter:data1\" content=\"1 minute\" \/>\n<script type=\"application\/ld+json\" class=\"yoast-schema-graph\">{\"@context\":\"https:\/\/schema.org\",\"@graph\":[{\"@type\":\"WebPage\",\"@id\":\"https:\/\/aphasie.org\/fr\/evenements-pour-les-personnes-concernees\/\",\"url\":\"https:\/\/aphasie.org\/fr\/evenements-pour-les-personnes-concernees\/\",\"name\":\"aphasie suisse | \u00c9v\u00e9nements pour les personnes concern\u00e9es\",\"isPartOf\":{\"@id\":\"https:\/\/aphasie.org\/#website\"},\"datePublished\":\"2025-09-03T14:17:12+00:00\",\"dateModified\":\"2025-10-13T10:52:54+00:00\",\"breadcrumb\":{\"@id\":\"https:\/\/aphasie.org\/fr\/evenements-pour-les-personnes-concernees\/#breadcrumb\"},\"inLanguage\":\"fr-FR\",\"potentialAction\":[{\"@type\":\"ReadAction\",\"target\":[\"https:\/\/aphasie.org\/fr\/evenements-pour-les-personnes-concernees\/\"]}]},{\"@type\":\"BreadcrumbList\",\"@id\":\"https:\/\/aphasie.org\/fr\/evenements-pour-les-personnes-concernees\/#breadcrumb\",\"itemListElement\":[{\"@type\":\"ListItem\",\"position\":1,\"name\":\"Home\",\"item\":\"https:\/\/aphasie.org\/fr\/home\/\"},{\"@type\":\"ListItem\",\"position\":2,\"name\":\"\u00c9v\u00e9nements pour les personnes concern\u00e9es\"}]},{\"@type\":\"WebSite\",\"@id\":\"https:\/\/aphasie.org\/#website\",\"url\":\"https:\/\/aphasie.org\/\",\"name\":\"aphasie suisse\",\"description\":\"wenn Worte fehlen\",\"publisher\":{\"@id\":\"https:\/\/aphasie.org\/#organization\"},\"potentialAction\":[{\"@type\":\"SearchAction\",\"target\":{\"@type\":\"EntryPoint\",\"urlTemplate\":\"https:\/\/aphasie.org\/?s={search_term_string}\"},\"query-input\":{\"@type\":\"PropertyValueSpecification\",\"valueRequired\":true,\"valueName\":\"search_term_string\"}}],\"inLanguage\":\"fr-FR\"},{\"@type\":\"Organization\",\"@id\":\"https:\/\/aphasie.org\/#organization\",\"name\":\"aphasie suisse\",\"url\":\"https:\/\/aphasie.org\/\",\"logo\":{\"@type\":\"ImageObject\",\"inLanguage\":\"fr-FR\",\"@id\":\"https:\/\/aphasie.org\/#\/schema\/logo\/image\/\",\"url\":\"https:\/\/aphasie.org\/wp-content\/uploads\/2020\/05\/aphasie_Logo-1.svg\",\"contentUrl\":\"https:\/\/aphasie.org\/wp-content\/uploads\/2020\/05\/aphasie_Logo-1.svg\",\"width\":133.599999999999994315658113919198513031005859375,\"height\":68.5,\"caption\":\"aphasie suisse\"},\"image\":{\"@id\":\"https:\/\/aphasie.org\/#\/schema\/logo\/image\/\"}}]}<\/script>\n<!-- \/ Yoast SEO plugin. -->","yoast_head_json":{"title":"aphasie suisse | \u00c9v\u00e9nements pour les personnes concern\u00e9es","robots":{"index":"index","follow":"follow","max-snippet":"max-snippet:-1","max-image-preview":"max-image-preview:large","max-video-preview":"max-video-preview:-1"},"canonical":"https:\/\/aphasie.org\/fr\/evenements-pour-les-personnes-concernees\/","og_locale":"fr_FR","og_type":"article","og_title":"aphasie suisse | \u00c9v\u00e9nements pour les personnes concern\u00e9es","og_description":"\u00c9v\u00e9nements pour les personnes concern\u00e9es Les rencontres Aphasie sont un lieu de rencontre pour les personnes aphasiques.Vous trouverez ici toutes les informations sur les activit\u00e9s propos\u00e9es dans votre r\u00e9gion, telles que les excursions, le caf\u00e9-discussion, les \u00e9v\u00e9nements cr\u00e9atifs et les r\u00e9p\u00e9titions de la chorale Aphasie Jodelchor.","og_url":"https:\/\/aphasie.org\/fr\/evenements-pour-les-personnes-concernees\/","og_site_name":"aphasie suisse","article_modified_time":"2025-10-13T10:52:54+00:00","twitter_card":"summary_large_image","twitter_misc":{"Dur\u00e9e de lecture estim\u00e9e":"1 minute"},"schema":{"@context":"https:\/\/schema.org","@graph":[{"@type":"WebPage","@id":"https:\/\/aphasie.org\/fr\/evenements-pour-les-personnes-concernees\/","url":"https:\/\/aphasie.org\/fr\/evenements-pour-les-personnes-concernees\/","name":"aphasie suisse | \u00c9v\u00e9nements pour les personnes concern\u00e9es","isPartOf":{"@id":"https:\/\/aphasie.org\/#website"},"datePublished":"2025-09-03T14:17:12+00:00","dateModified":"2025-10-13T10:52:54+00:00","breadcrumb":{"@id":"https:\/\/aphasie.org\/fr\/evenements-pour-les-personnes-concernees\/#breadcrumb"},"inLanguage":"fr-FR","potentialAction":[{"@type":"ReadAction","target":["https:\/\/aphasie.org\/fr\/evenements-pour-les-personnes-concernees\/"]}]},{"@type":"BreadcrumbList","@id":"https:\/\/aphasie.org\/fr\/evenements-pour-les-personnes-concernees\/#breadcrumb","itemListElement":[{"@type":"ListItem","position":1,"name":"Home","item":"https:\/\/aphasie.org\/fr\/home\/"},{"@type":"ListItem","position":2,"name":"\u00c9v\u00e9nements pour les personnes concern\u00e9es"}]},{"@type":"WebSite","@id":"https:\/\/aphasie.org\/#website","url":"https:\/\/aphasie.org\/","name":"aphasie suisse","description":"wenn Worte fehlen","publisher":{"@id":"https:\/\/aphasie.org\/#organization"},"potentialAction":[{"@type":"SearchAction","target":{"@type":"EntryPoint","urlTemplate":"https:\/\/aphasie.org\/?s={search_term_string}"},"query-input":{"@type":"PropertyValueSpecification","valueRequired":true,"valueName":"search_term_string"}}],"inLanguage":"fr-FR"},{"@type":"Organization","@id":"https:\/\/aphasie.org\/#organization","name":"aphasie suisse","url":"https:\/\/aphasie.org\/","logo":{"@type":"ImageObject","inLanguage":"fr-FR","@id":"https:\/\/aphasie.org\/#\/schema\/logo\/image\/","url":"https:\/\/aphasie.org\/wp-content\/uploads\/2020\/05\/aphasie_Logo-1.svg","contentUrl":"https:\/\/aphasie.org\/wp-content\/uploads\/2020\/05\/aphasie_Logo-1.svg","width":133.599999999999994315658113919198513031005859375,"height":68.5,"caption":"aphasie suisse"},"image":{"@id":"https:\/\/aphasie.org\/#\/schema\/logo\/image\/"}}]}},"_links":{"self":[{"href":"https:\/\/aphasie.org\/fr\/wp-json\/wp\/v2\/pages\/19661","targetHints":{"allow":["GET"]}}],"collection":[{"href":"https:\/\/aphasie.org\/fr\/wp-json\/wp\/v2\/pages"}],"about":[{"href":"https:\/\/aphasie.org\/fr\/wp-json\/wp\/v2\/types\/page"}],"author":[{"embeddable":true,"href":"https:\/\/aphasie.org\/fr\/wp-json\/wp\/v2\/users\/7"}],"replies":[{"embeddable":true,"href":"https:\/\/aphasie.org\/fr\/wp-json\/wp\/v2\/comments?post=19661"}],"version-history":[{"count":16,"href":"https:\/\/aphasie.org\/fr\/wp-json\/wp\/v2\/pages\/19661\/revisions"}],"predecessor-version":[{"id":19705,"href":"https:\/\/aphasie.org\/fr\/wp-json\/wp\/v2\/pages\/19661\/revisions\/19705"}],"wp:attachment":[{"href":"https:\/\/aphasie.org\/fr\/wp-json\/wp\/v2\/media?parent=19661"}],"curies":[{"name":"wp","href":"https:\/\/api.w.org\/{rel}","templated":true}]}}