{"id":9708,"date":"2020-05-13T06:28:20","date_gmt":"2020-05-13T06:28:20","guid":{"rendered":"https:\/\/aphasie.org\/geschaeftsstelle\/"},"modified":"2026-04-08T11:07:07","modified_gmt":"2026-04-08T11:07:07","slug":"secretariat-general","status":"publish","type":"page","link":"https:\/\/aphasie.org\/fr\/secretariat-general\/","title":{"rendered":"Secr\u00e9tariat g\u00e9n\u00e9ral"},"content":{"rendered":"\t\t<div data-elementor-type=\"wp-page\" data-elementor-id=\"9708\" class=\"elementor elementor-9708 elementor-76\" data-elementor-post-type=\"page\">\n\t\t\t\t\t\t<section class=\"elementor-section elementor-top-section elementor-element elementor-element-5bb9c7da elementor-section-boxed elementor-section-height-default elementor-section-height-default\" data-id=\"5bb9c7da\" data-element_type=\"section\" data-e-type=\"section\" data-settings=\"{&quot;jet_parallax_layout_list&quot;:[{&quot;jet_parallax_layout_image&quot;:{&quot;url&quot;:&quot;&quot;,&quot;id&quot;:&quot;&quot;,&quot;size&quot;:&quot;&quot;},&quot;_id&quot;:&quot;b82f757&quot;,&quot;jet_parallax_layout_image_tablet&quot;:{&quot;url&quot;:&quot;&quot;,&quot;id&quot;:&quot;&quot;,&quot;size&quot;:&quot;&quot;},&quot;jet_parallax_layout_image_mobile&quot;:{&quot;url&quot;:&quot;&quot;,&quot;id&quot;:&quot;&quot;,&quot;size&quot;:&quot;&quot;},&quot;jet_parallax_layout_speed&quot;:{&quot;unit&quot;:&quot;%&quot;,&quot;size&quot;:50,&quot;sizes&quot;:[]},&quot;jet_parallax_layout_type&quot;:&quot;scroll&quot;,&quot;jet_parallax_layout_direction&quot;:&quot;1&quot;,&quot;jet_parallax_layout_fx_direction&quot;:null,&quot;jet_parallax_layout_z_index&quot;:&quot;&quot;,&quot;jet_parallax_layout_bg_x&quot;:50,&quot;jet_parallax_layout_bg_x_tablet&quot;:&quot;&quot;,&quot;jet_parallax_layout_bg_x_mobile&quot;:&quot;&quot;,&quot;jet_parallax_layout_bg_y&quot;:50,&quot;jet_parallax_layout_bg_y_tablet&quot;:&quot;&quot;,&quot;jet_parallax_layout_bg_y_mobile&quot;:&quot;&quot;,&quot;jet_parallax_layout_bg_size&quot;:&quot;auto&quot;,&quot;jet_parallax_layout_bg_size_tablet&quot;:&quot;&quot;,&quot;jet_parallax_layout_bg_size_mobile&quot;:&quot;&quot;,&quot;jet_parallax_layout_animation_prop&quot;:&quot;transform&quot;,&quot;jet_parallax_layout_on&quot;:[&quot;desktop&quot;,&quot;tablet&quot;]}]}\">\n\t\t\t\t\t\t<div class=\"elementor-container elementor-column-gap-default\">\n\t\t\t\t\t<div class=\"elementor-column elementor-col-50 elementor-top-column elementor-element elementor-element-699b0df0\" data-id=\"699b0df0\" data-element_type=\"column\" data-e-type=\"column\">\n\t\t\t<div class=\"elementor-widget-wrap elementor-element-populated\">\n\t\t\t\t\t\t<div class=\"elementor-element elementor-element-68ab38db elementor-widget elementor-widget-heading\" data-id=\"68ab38db\" data-element_type=\"widget\" data-e-type=\"widget\" data-widget_type=\"heading.default\">\n\t\t\t\t<div class=\"elementor-widget-container\">\n\t\t\t\t\t<h1 class=\"elementor-heading-title elementor-size-default\">Secr\u00e9tariat g\u00e9n\u00e9ral<\/h1>\t\t\t\t<\/div>\n\t\t\t\t<\/div>\n\t\t\t\t<div class=\"elementor-element elementor-element-73571504 elementor-widget-divider--view-line elementor-widget elementor-widget-divider\" data-id=\"73571504\" data-element_type=\"widget\" data-e-type=\"widget\" data-widget_type=\"divider.default\">\n\t\t\t\t<div class=\"elementor-widget-container\">\n\t\t\t\t\t\t\t<div class=\"elementor-divider\">\n\t\t\t<span class=\"elementor-divider-separator\">\n\t\t\t\t\t\t<\/span>\n\t\t<\/div>\n\t\t\t\t\t\t<\/div>\n\t\t\t\t<\/div>\n\t\t\t\t<div class=\"elementor-element elementor-element-2bfc7746 elementor-widget elementor-widget-text-editor\" data-id=\"2bfc7746\" data-element_type=\"widget\" data-e-type=\"widget\" data-widget_type=\"text-editor.default\">\n\t\t\t\t<div class=\"elementor-widget-container\">\n\t\t\t\t\t\t\t\t\t<p>Vous avez une question \u00e0 propos de l\u2019aphasie? L\u2019\u00e9quipe du secr\u00e9tariat g\u00e9n\u00e9ral \u00e0 Lucerne vous r\u00e9pondra avec grand plaisir.<\/p>\t\t\t\t\t\t\t\t<\/div>\n\t\t\t\t<\/div>\n\t\t\t\t<section class=\"elementor-section elementor-inner-section elementor-element elementor-element-3ca1ee0 elementor-section-content-middle elementor-section-boxed elementor-section-height-default elementor-section-height-default\" data-id=\"3ca1ee0\" data-element_type=\"section\" data-e-type=\"section\" data-settings=\"{&quot;jet_parallax_layout_list&quot;:[],&quot;background_background&quot;:&quot;classic&quot;}\">\n\t\t\t\t\t\t<div class=\"elementor-container elementor-column-gap-default\">\n\t\t\t\t\t<div class=\"elementor-column elementor-col-50 elementor-inner-column elementor-element elementor-element-9c95c0d\" data-id=\"9c95c0d\" data-element_type=\"column\" data-e-type=\"column\">\n\t\t\t<div class=\"elementor-widget-wrap elementor-element-populated\">\n\t\t\t\t\t\t<div class=\"elementor-element elementor-element-9a29907 elementor-widget elementor-widget-image\" data-id=\"9a29907\" data-element_type=\"widget\" data-e-type=\"widget\" data-widget_type=\"image.default\">\n\t\t\t\t<div class=\"elementor-widget-container\">\n\t\t\t\t\t\t\t\t\t\t\t\t\t\t\t<img fetchpriority=\"high\" decoding=\"async\" width=\"800\" height=\"800\" src=\"https:\/\/aphasie.org\/wp-content\/uploads\/2024\/10\/Livia-1024x1024.jpg\" class=\"attachment-large size-large wp-image-17603\" alt=\"\" srcset=\"https:\/\/aphasie.org\/wp-content\/uploads\/2024\/10\/Livia-1024x1024.jpg 1024w, https:\/\/aphasie.org\/wp-content\/uploads\/2024\/10\/Livia-300x300.jpg 300w, https:\/\/aphasie.org\/wp-content\/uploads\/2024\/10\/Livia-150x150.jpg 150w, https:\/\/aphasie.org\/wp-content\/uploads\/2024\/10\/Livia-768x768.jpg 768w, https:\/\/aphasie.org\/wp-content\/uploads\/2024\/10\/Livia-1536x1536.jpg 1536w, https:\/\/aphasie.org\/wp-content\/uploads\/2024\/10\/Livia-2048x2048.jpg 2048w, https:\/\/aphasie.org\/wp-content\/uploads\/2024\/10\/Livia-600x600.jpg 600w, https:\/\/aphasie.org\/wp-content\/uploads\/2024\/10\/Livia-100x100.jpg 100w\" sizes=\"(max-width: 800px) 100vw, 800px\" \/>\t\t\t\t\t\t\t\t\t\t\t\t\t\t\t<\/div>\n\t\t\t\t<\/div>\n\t\t\t\t\t<\/div>\n\t\t<\/div>\n\t\t\t\t<div class=\"elementor-column elementor-col-50 elementor-inner-column elementor-element elementor-element-188bb83\" data-id=\"188bb83\" data-element_type=\"column\" data-e-type=\"column\">\n\t\t\t<div class=\"elementor-widget-wrap elementor-element-populated\">\n\t\t\t\t\t\t<div class=\"elementor-element elementor-element-dbd21cb elementor-widget elementor-widget-heading\" data-id=\"dbd21cb\" data-element_type=\"widget\" data-e-type=\"widget\" data-widget_type=\"heading.default\">\n\t\t\t\t<div class=\"elementor-widget-container\">\n\t\t\t\t\t<h4 class=\"elementor-heading-title elementor-size-default\">Livia Westreicher<\/h4>\t\t\t\t<\/div>\n\t\t\t\t<\/div>\n\t\t\t\t<div class=\"elementor-element elementor-element-32375de elementor-widget elementor-widget-text-editor\" data-id=\"32375de\" data-element_type=\"widget\" data-e-type=\"widget\" data-widget_type=\"text-editor.default\">\n\t\t\t\t<div class=\"elementor-widget-container\">\n\t\t\t\t\t\t\t\t\t<p>Directrice d&rsquo;agence<\/p><p>Telefon: <a href=\"tel:041 240 05 83\">041 240 05 83<\/a><br \/><a href=\"mailto:livia.westreicher@aphasie.org\">Livia.westreicher@aphasie.org<\/a><br \/><a href=\"mailto:info@aphasie.org\">info@aphasie.org<\/a><\/p>\t\t\t\t\t\t\t\t<\/div>\n\t\t\t\t<\/div>\n\t\t\t\t\t<\/div>\n\t\t<\/div>\n\t\t\t\t\t<\/div>\n\t\t<\/section>\n\t\t\t\t<section class=\"elementor-section elementor-inner-section elementor-element elementor-element-bfa03df elementor-section-content-middle elementor-section-boxed elementor-section-height-default elementor-section-height-default\" data-id=\"bfa03df\" data-element_type=\"section\" data-e-type=\"section\" data-settings=\"{&quot;jet_parallax_layout_list&quot;:[],&quot;background_background&quot;:&quot;classic&quot;}\">\n\t\t\t\t\t\t<div class=\"elementor-container elementor-column-gap-default\">\n\t\t\t\t\t<div class=\"elementor-column elementor-col-50 elementor-inner-column elementor-element elementor-element-aa2aea5\" data-id=\"aa2aea5\" data-element_type=\"column\" data-e-type=\"column\">\n\t\t\t<div class=\"elementor-widget-wrap elementor-element-populated\">\n\t\t\t\t\t\t<div class=\"elementor-element elementor-element-fd9071d elementor-widget elementor-widget-image\" data-id=\"fd9071d\" data-element_type=\"widget\" data-e-type=\"widget\" data-widget_type=\"image.default\">\n\t\t\t\t<div class=\"elementor-widget-container\">\n\t\t\t\t\t\t\t\t\t\t\t\t\t\t\t<img decoding=\"async\" width=\"736\" height=\"737\" src=\"https:\/\/aphasie.org\/wp-content\/uploads\/2024\/10\/Luzia.jpg\" class=\"attachment-large size-large wp-image-17605\" alt=\"\" srcset=\"https:\/\/aphasie.org\/wp-content\/uploads\/2024\/10\/Luzia.jpg 736w, https:\/\/aphasie.org\/wp-content\/uploads\/2024\/10\/Luzia-300x300.jpg 300w, https:\/\/aphasie.org\/wp-content\/uploads\/2024\/10\/Luzia-150x150.jpg 150w, https:\/\/aphasie.org\/wp-content\/uploads\/2024\/10\/Luzia-600x601.jpg 600w, https:\/\/aphasie.org\/wp-content\/uploads\/2024\/10\/Luzia-100x100.jpg 100w\" sizes=\"(max-width: 736px) 100vw, 736px\" \/>\t\t\t\t\t\t\t\t\t\t\t\t\t\t\t<\/div>\n\t\t\t\t<\/div>\n\t\t\t\t\t<\/div>\n\t\t<\/div>\n\t\t\t\t<div class=\"elementor-column elementor-col-50 elementor-inner-column elementor-element elementor-element-14112c8\" data-id=\"14112c8\" data-element_type=\"column\" data-e-type=\"column\">\n\t\t\t<div class=\"elementor-widget-wrap elementor-element-populated\">\n\t\t\t\t\t\t<div class=\"elementor-element elementor-element-8fb858c elementor-widget elementor-widget-heading\" data-id=\"8fb858c\" data-element_type=\"widget\" data-e-type=\"widget\" data-widget_type=\"heading.default\">\n\t\t\t\t<div class=\"elementor-widget-container\">\n\t\t\t\t\t<h4 class=\"elementor-heading-title elementor-size-default\">Luzia Niederberger\n<\/h4>\t\t\t\t<\/div>\n\t\t\t\t<\/div>\n\t\t\t\t<div class=\"elementor-element elementor-element-9bba700 elementor-widget elementor-widget-text-editor\" data-id=\"9bba700\" data-element_type=\"widget\" data-e-type=\"widget\" data-widget_type=\"text-editor.default\">\n\t\t\t\t<div class=\"elementor-widget-container\">\n\t\t\t\t\t\t\t\t\t<p>Marketing et communication<\/p><p>Pr\u00e9sent du lundi au mercredi<br \/>T\u00e9l\u00e9phone: <a href=\"tel:041 240 05 83\">041 240 05 83<\/a><br \/><a href=\"mailto:luzia.niederberger@aphasie.org\">luzia.niederberger@aphasie.org<\/a><br \/><a href=\"mailto:info@aphasie.org\">info@aphasie.org<\/a><\/p>\t\t\t\t\t\t\t\t<\/div>\n\t\t\t\t<\/div>\n\t\t\t\t\t<\/div>\n\t\t<\/div>\n\t\t\t\t\t<\/div>\n\t\t<\/section>\n\t\t\t\t<section class=\"elementor-section elementor-inner-section elementor-element elementor-element-4af87fc elementor-section-content-middle elementor-section-boxed elementor-section-height-default elementor-section-height-default\" data-id=\"4af87fc\" data-element_type=\"section\" data-e-type=\"section\" data-settings=\"{&quot;jet_parallax_layout_list&quot;:[],&quot;background_background&quot;:&quot;classic&quot;}\">\n\t\t\t\t\t\t<div class=\"elementor-container elementor-column-gap-default\">\n\t\t\t\t\t<div class=\"elementor-column elementor-col-50 elementor-inner-column elementor-element elementor-element-e1f788c\" data-id=\"e1f788c\" data-element_type=\"column\" data-e-type=\"column\">\n\t\t\t<div class=\"elementor-widget-wrap elementor-element-populated\">\n\t\t\t\t\t\t<div class=\"elementor-element elementor-element-8321b42 elementor-widget elementor-widget-image\" data-id=\"8321b42\" data-element_type=\"widget\" data-e-type=\"widget\" data-widget_type=\"image.default\">\n\t\t\t\t<div class=\"elementor-widget-container\">\n\t\t\t\t\t\t\t\t\t\t\t\t\t\t\t<img decoding=\"async\" width=\"723\" height=\"723\" src=\"https:\/\/aphasie.org\/wp-content\/uploads\/2026\/04\/Bild-Sofie1.png\" class=\"attachment-large size-large wp-image-20638\" alt=\"\" srcset=\"https:\/\/aphasie.org\/wp-content\/uploads\/2026\/04\/Bild-Sofie1.png 723w, https:\/\/aphasie.org\/wp-content\/uploads\/2026\/04\/Bild-Sofie1-300x300.png 300w, https:\/\/aphasie.org\/wp-content\/uploads\/2026\/04\/Bild-Sofie1-150x150.png 150w, https:\/\/aphasie.org\/wp-content\/uploads\/2026\/04\/Bild-Sofie1-600x600.png 600w, https:\/\/aphasie.org\/wp-content\/uploads\/2026\/04\/Bild-Sofie1-100x100.png 100w\" sizes=\"(max-width: 723px) 100vw, 723px\" \/>\t\t\t\t\t\t\t\t\t\t\t\t\t\t\t<\/div>\n\t\t\t\t<\/div>\n\t\t\t\t\t<\/div>\n\t\t<\/div>\n\t\t\t\t<div class=\"elementor-column elementor-col-50 elementor-inner-column elementor-element elementor-element-2f4268d\" data-id=\"2f4268d\" data-element_type=\"column\" data-e-type=\"column\">\n\t\t\t<div class=\"elementor-widget-wrap elementor-element-populated\">\n\t\t\t\t\t\t<div class=\"elementor-element elementor-element-af058ff elementor-widget elementor-widget-heading\" data-id=\"af058ff\" data-element_type=\"widget\" data-e-type=\"widget\" data-widget_type=\"heading.default\">\n\t\t\t\t<div class=\"elementor-widget-container\">\n\t\t\t\t\t<h4 class=\"elementor-heading-title elementor-size-default\">Sofie Hirth<\/h4>\t\t\t\t<\/div>\n\t\t\t\t<\/div>\n\t\t\t\t<div class=\"elementor-element elementor-element-8156f9f elementor-widget elementor-widget-text-editor\" data-id=\"8156f9f\" data-element_type=\"widget\" data-e-type=\"widget\" data-widget_type=\"text-editor.default\">\n\t\t\t\t<div class=\"elementor-widget-container\">\n\t\t\t\t\t\t\t\t\t<p>Gestion de projets et d&rsquo;innovation<\/p><p>Pr\u00e9sent tous les mardi<br \/>Telefon: <a href=\"tel:041 240 05 83\">041 240 05 83<\/a><br \/><a href=\"mailto:sofie.hirth@aphasie.org\">sofie.hirth@aphasie.org<\/a><br \/><a href=\"mailto:info@aphasie.org\">info@aphasie.org<\/a><\/p>\t\t\t\t\t\t\t\t<\/div>\n\t\t\t\t<\/div>\n\t\t\t\t\t<\/div>\n\t\t<\/div>\n\t\t\t\t\t<\/div>\n\t\t<\/section>\n\t\t\t\t\t<\/div>\n\t\t<\/div>\n\t\t\t\t<div class=\"elementor-column elementor-col-50 elementor-top-column elementor-element elementor-element-7a4cce7a\" data-id=\"7a4cce7a\" data-element_type=\"column\" data-e-type=\"column\" data-settings=\"{&quot;background_background&quot;:&quot;classic&quot;}\">\n\t\t\t<div class=\"elementor-widget-wrap elementor-element-populated\">\n\t\t\t\t\t\t<section class=\"elementor-section elementor-inner-section elementor-element elementor-element-66b1e567 elementor-section-boxed elementor-section-height-default elementor-section-height-default\" data-id=\"66b1e567\" data-element_type=\"section\" data-e-type=\"section\" data-settings=\"{&quot;jet_parallax_layout_list&quot;:[{&quot;jet_parallax_layout_image&quot;:{&quot;url&quot;:&quot;&quot;,&quot;id&quot;:&quot;&quot;,&quot;size&quot;:&quot;&quot;},&quot;_id&quot;:&quot;626650f&quot;,&quot;jet_parallax_layout_image_tablet&quot;:{&quot;url&quot;:&quot;&quot;,&quot;id&quot;:&quot;&quot;,&quot;size&quot;:&quot;&quot;},&quot;jet_parallax_layout_image_mobile&quot;:{&quot;url&quot;:&quot;&quot;,&quot;id&quot;:&quot;&quot;,&quot;size&quot;:&quot;&quot;},&quot;jet_parallax_layout_speed&quot;:{&quot;unit&quot;:&quot;%&quot;,&quot;size&quot;:50,&quot;sizes&quot;:[]},&quot;jet_parallax_layout_type&quot;:&quot;scroll&quot;,&quot;jet_parallax_layout_direction&quot;:&quot;1&quot;,&quot;jet_parallax_layout_fx_direction&quot;:null,&quot;jet_parallax_layout_z_index&quot;:&quot;&quot;,&quot;jet_parallax_layout_bg_x&quot;:50,&quot;jet_parallax_layout_bg_x_tablet&quot;:&quot;&quot;,&quot;jet_parallax_layout_bg_x_mobile&quot;:&quot;&quot;,&quot;jet_parallax_layout_bg_y&quot;:50,&quot;jet_parallax_layout_bg_y_tablet&quot;:&quot;&quot;,&quot;jet_parallax_layout_bg_y_mobile&quot;:&quot;&quot;,&quot;jet_parallax_layout_bg_size&quot;:&quot;auto&quot;,&quot;jet_parallax_layout_bg_size_tablet&quot;:&quot;&quot;,&quot;jet_parallax_layout_bg_size_mobile&quot;:&quot;&quot;,&quot;jet_parallax_layout_animation_prop&quot;:&quot;transform&quot;,&quot;jet_parallax_layout_on&quot;:[&quot;desktop&quot;,&quot;tablet&quot;]}],&quot;sticky&quot;:&quot;top&quot;,&quot;sticky_offset&quot;:175,&quot;sticky_on&quot;:[&quot;desktop&quot;,&quot;tablet&quot;],&quot;sticky_effects_offset&quot;:348,&quot;sticky_anchor_link_offset&quot;:0}\">\n\t\t\t\t\t\t<div class=\"elementor-container elementor-column-gap-default\">\n\t\t\t\t\t<div class=\"elementor-column elementor-col-100 elementor-inner-column elementor-element elementor-element-715ad870\" data-id=\"715ad870\" data-element_type=\"column\" data-e-type=\"column\" data-settings=\"{&quot;background_background&quot;:&quot;classic&quot;}\">\n\t\t\t<div class=\"elementor-widget-wrap elementor-element-populated\">\n\t\t\t\t\t\t<div class=\"elementor-element elementor-element-2f4e08ed elementor-widget elementor-widget-nav-menu\" data-id=\"2f4e08ed\" data-element_type=\"widget\" data-e-type=\"widget\" data-settings=\"{&quot;layout&quot;:&quot;dropdown&quot;,&quot;submenu_icon&quot;:{&quot;value&quot;:&quot;&lt;i class=\\&quot;fas fa-chevron-down\\&quot; aria-hidden=\\&quot;true\\&quot;&gt;&lt;\\\/i&gt;&quot;,&quot;library&quot;:&quot;fa-solid&quot;}}\" data-widget_type=\"nav-menu.default\">\n\t\t\t\t<div class=\"elementor-widget-container\">\n\t\t\t\t\t\t\t\t<nav class=\"elementor-nav-menu--dropdown elementor-nav-menu__container\" aria-hidden=\"true\">\n\t\t\t\t<ul id=\"menu-2-2f4e08ed\" class=\"elementor-nav-menu\"><li class=\"menu-item menu-item-type-post_type menu-item-object-page menu-item-9923\"><a href=\"https:\/\/aphasie.org\/fr\/aphasie-suisse\/\" class=\"elementor-item\" tabindex=\"-1\">L&rsquo;association<\/a><\/li>\n<li class=\"menu-item menu-item-type-post_type menu-item-object-page menu-item-9924\"><a href=\"https:\/\/aphasie.org\/fr\/comite\/\" class=\"elementor-item\" tabindex=\"-1\">Comit\u00e9<\/a><\/li>\n<li class=\"menu-item menu-item-type-post_type menu-item-object-page menu-item-9925\"><a href=\"https:\/\/aphasie.org\/fr\/secretariat-general\/\" class=\"elementor-item\" tabindex=\"-1\">Secr\u00e9tariat g\u00e9n\u00e9ral<\/a><\/li>\n<li class=\"menu-item menu-item-type-post_type menu-item-object-page menu-item-9926\"><a href=\"https:\/\/aphasie.org\/fr\/aphasietreff\/\" class=\"elementor-item\" tabindex=\"-1\">Conseil social et juridique<\/a><\/li>\n<li class=\"menu-item menu-item-type-post_type menu-item-object-page menu-item-9927\"><a href=\"https:\/\/aphasie.org\/fr\/offres\/\" class=\"elementor-item\" tabindex=\"-1\">Offres<\/a><\/li>\n<li class=\"menu-item menu-item-type-post_type menu-item-object-page menu-item-9928\"><a href=\"https:\/\/aphasie.org\/fr\/mitgliedschaft\/\" class=\"elementor-item\" tabindex=\"-1\">Adh\u00e9sion<\/a><\/li>\n<li class=\"menu-item menu-item-type-post_type menu-item-object-page menu-item-9929\"><a href=\"https:\/\/aphasie.org\/fr\/ihre-spende\/\" class=\"elementor-item\" tabindex=\"-1\">Vos dons<\/a><\/li>\n<\/ul>\t\t\t<\/nav>\n\t\t\t\t\t\t<\/div>\n\t\t\t\t<\/div>\n\t\t\t\t\t<\/div>\n\t\t<\/div>\n\t\t\t\t\t<\/div>\n\t\t<\/section>\n\t\t\t\t\t<\/div>\n\t\t<\/div>\n\t\t\t\t\t<\/div>\n\t\t<\/section>\n\t\t\t\t<\/div>\n\t\t","protected":false},"excerpt":{"rendered":"<p>Secr\u00e9tariat g\u00e9n\u00e9ral Vous avez une question \u00e0 propos de l\u2019aphasie? L\u2019\u00e9quipe du secr\u00e9tariat g\u00e9n\u00e9ral \u00e0 Lucerne vous r\u00e9pondra avec grand plaisir. Livia Westreicher Directrice d&rsquo;agence Telefon: 041 240 05 83Livia.westreicher@aphasie.orginfo@aphasie.org Luzia Niederberger Marketing et communication Pr\u00e9sent du lundi au mercrediT\u00e9l\u00e9phone: 041 240 05 83luzia.niederberger@aphasie.orginfo@aphasie.org Sofie Hirth Gestion de projets et d&rsquo;innovation Pr\u00e9sent tous les mardiTelefon: [&hellip;]<\/p>\n","protected":false},"author":1,"featured_media":0,"parent":0,"menu_order":2,"comment_status":"closed","ping_status":"closed","template":"","meta":{"footnotes":""},"class_list":["post-9708","page","type-page","status-publish","hentry"],"yoast_head":"<!-- This site is optimized with the Yoast SEO plugin v27.1.1 - https:\/\/yoast.com\/product\/yoast-seo-wordpress\/ -->\n<title>aphasie suisse | Secr\u00e9tariat g\u00e9n\u00e9ral<\/title>\n<meta name=\"robots\" content=\"index, follow, max-snippet:-1, max-image-preview:large, max-video-preview:-1\" \/>\n<link rel=\"canonical\" href=\"https:\/\/aphasie.org\/fr\/secretariat-general\/\" \/>\n<meta property=\"og:locale\" content=\"fr_FR\" \/>\n<meta property=\"og:type\" content=\"article\" \/>\n<meta property=\"og:title\" content=\"aphasie suisse | Secr\u00e9tariat g\u00e9n\u00e9ral\" \/>\n<meta property=\"og:description\" content=\"Secr\u00e9tariat g\u00e9n\u00e9ral Vous avez une question \u00e0 propos de l\u2019aphasie? L\u2019\u00e9quipe du secr\u00e9tariat g\u00e9n\u00e9ral \u00e0 Lucerne vous r\u00e9pondra avec grand plaisir. Livia Westreicher Directrice d&rsquo;agence Telefon: 041 240 05 83Livia.westreicher@aphasie.orginfo@aphasie.org Luzia Niederberger Marketing et communication Pr\u00e9sent du lundi au mercrediT\u00e9l\u00e9phone: 041 240 05 83luzia.niederberger@aphasie.orginfo@aphasie.org Sofie Hirth Gestion de projets et d&rsquo;innovation Pr\u00e9sent tous les mardiTelefon: [&hellip;]\" \/>\n<meta property=\"og:url\" content=\"https:\/\/aphasie.org\/fr\/secretariat-general\/\" \/>\n<meta property=\"og:site_name\" content=\"aphasie suisse\" \/>\n<meta property=\"article:modified_time\" content=\"2026-04-08T11:07:07+00:00\" \/>\n<meta property=\"og:image\" content=\"https:\/\/aphasie.org\/wp-content\/uploads\/2024\/10\/Livia-scaled.jpg\" \/>\n\t<meta property=\"og:image:width\" content=\"2560\" \/>\n\t<meta property=\"og:image:height\" content=\"2560\" \/>\n\t<meta property=\"og:image:type\" content=\"image\/jpeg\" \/>\n<meta name=\"twitter:card\" content=\"summary_large_image\" \/>\n<meta name=\"twitter:label1\" content=\"Dur\u00e9e de lecture estim\u00e9e\" \/>\n\t<meta name=\"twitter:data1\" content=\"2 minutes\" \/>\n<script type=\"application\/ld+json\" class=\"yoast-schema-graph\">{\"@context\":\"https:\/\/schema.org\",\"@graph\":[{\"@type\":\"WebPage\",\"@id\":\"https:\/\/aphasie.org\/fr\/secretariat-general\/\",\"url\":\"https:\/\/aphasie.org\/fr\/secretariat-general\/\",\"name\":\"aphasie suisse | Secr\u00e9tariat g\u00e9n\u00e9ral\",\"isPartOf\":{\"@id\":\"https:\/\/aphasie.org\/#website\"},\"primaryImageOfPage\":{\"@id\":\"https:\/\/aphasie.org\/fr\/secretariat-general\/#primaryimage\"},\"image\":{\"@id\":\"https:\/\/aphasie.org\/fr\/secretariat-general\/#primaryimage\"},\"thumbnailUrl\":\"https:\/\/aphasie.org\/wp-content\/uploads\/2024\/10\/Livia-1024x1024.jpg\",\"datePublished\":\"2020-05-13T06:28:20+00:00\",\"dateModified\":\"2026-04-08T11:07:07+00:00\",\"breadcrumb\":{\"@id\":\"https:\/\/aphasie.org\/fr\/secretariat-general\/#breadcrumb\"},\"inLanguage\":\"fr-FR\",\"potentialAction\":[{\"@type\":\"ReadAction\",\"target\":[\"https:\/\/aphasie.org\/fr\/secretariat-general\/\"]}]},{\"@type\":\"ImageObject\",\"inLanguage\":\"fr-FR\",\"@id\":\"https:\/\/aphasie.org\/fr\/secretariat-general\/#primaryimage\",\"url\":\"https:\/\/aphasie.org\/wp-content\/uploads\/2024\/10\/Livia-1024x1024.jpg\",\"contentUrl\":\"https:\/\/aphasie.org\/wp-content\/uploads\/2024\/10\/Livia-1024x1024.jpg\"},{\"@type\":\"BreadcrumbList\",\"@id\":\"https:\/\/aphasie.org\/fr\/secretariat-general\/#breadcrumb\",\"itemListElement\":[{\"@type\":\"ListItem\",\"position\":1,\"name\":\"Home\",\"item\":\"https:\/\/aphasie.org\/fr\/home\/\"},{\"@type\":\"ListItem\",\"position\":2,\"name\":\"Secr\u00e9tariat g\u00e9n\u00e9ral\"}]},{\"@type\":\"WebSite\",\"@id\":\"https:\/\/aphasie.org\/#website\",\"url\":\"https:\/\/aphasie.org\/\",\"name\":\"aphasie suisse\",\"description\":\"wenn Worte fehlen\",\"publisher\":{\"@id\":\"https:\/\/aphasie.org\/#organization\"},\"potentialAction\":[{\"@type\":\"SearchAction\",\"target\":{\"@type\":\"EntryPoint\",\"urlTemplate\":\"https:\/\/aphasie.org\/?s={search_term_string}\"},\"query-input\":{\"@type\":\"PropertyValueSpecification\",\"valueRequired\":true,\"valueName\":\"search_term_string\"}}],\"inLanguage\":\"fr-FR\"},{\"@type\":\"Organization\",\"@id\":\"https:\/\/aphasie.org\/#organization\",\"name\":\"aphasie suisse\",\"url\":\"https:\/\/aphasie.org\/\",\"logo\":{\"@type\":\"ImageObject\",\"inLanguage\":\"fr-FR\",\"@id\":\"https:\/\/aphasie.org\/#\/schema\/logo\/image\/\",\"url\":\"https:\/\/aphasie.org\/wp-content\/uploads\/2020\/05\/aphasie_Logo-1.svg\",\"contentUrl\":\"https:\/\/aphasie.org\/wp-content\/uploads\/2020\/05\/aphasie_Logo-1.svg\",\"width\":133.599999999999994315658113919198513031005859375,\"height\":68.5,\"caption\":\"aphasie suisse\"},\"image\":{\"@id\":\"https:\/\/aphasie.org\/#\/schema\/logo\/image\/\"}}]}<\/script>\n<!-- \/ Yoast SEO plugin. -->","yoast_head_json":{"title":"aphasie suisse | Secr\u00e9tariat g\u00e9n\u00e9ral","robots":{"index":"index","follow":"follow","max-snippet":"max-snippet:-1","max-image-preview":"max-image-preview:large","max-video-preview":"max-video-preview:-1"},"canonical":"https:\/\/aphasie.org\/fr\/secretariat-general\/","og_locale":"fr_FR","og_type":"article","og_title":"aphasie suisse | Secr\u00e9tariat g\u00e9n\u00e9ral","og_description":"Secr\u00e9tariat g\u00e9n\u00e9ral Vous avez une question \u00e0 propos de l\u2019aphasie? L\u2019\u00e9quipe du secr\u00e9tariat g\u00e9n\u00e9ral \u00e0 Lucerne vous r\u00e9pondra avec grand plaisir. Livia Westreicher Directrice d&rsquo;agence Telefon: 041 240 05 83Livia.westreicher@aphasie.orginfo@aphasie.org Luzia Niederberger Marketing et communication Pr\u00e9sent du lundi au mercrediT\u00e9l\u00e9phone: 041 240 05 83luzia.niederberger@aphasie.orginfo@aphasie.org Sofie Hirth Gestion de projets et d&rsquo;innovation Pr\u00e9sent tous les mardiTelefon: [&hellip;]","og_url":"https:\/\/aphasie.org\/fr\/secretariat-general\/","og_site_name":"aphasie suisse","article_modified_time":"2026-04-08T11:07:07+00:00","og_image":[{"width":2560,"height":2560,"url":"https:\/\/aphasie.org\/wp-content\/uploads\/2024\/10\/Livia-scaled.jpg","type":"image\/jpeg"}],"twitter_card":"summary_large_image","twitter_misc":{"Dur\u00e9e de lecture estim\u00e9e":"2 minutes"},"schema":{"@context":"https:\/\/schema.org","@graph":[{"@type":"WebPage","@id":"https:\/\/aphasie.org\/fr\/secretariat-general\/","url":"https:\/\/aphasie.org\/fr\/secretariat-general\/","name":"aphasie suisse | Secr\u00e9tariat g\u00e9n\u00e9ral","isPartOf":{"@id":"https:\/\/aphasie.org\/#website"},"primaryImageOfPage":{"@id":"https:\/\/aphasie.org\/fr\/secretariat-general\/#primaryimage"},"image":{"@id":"https:\/\/aphasie.org\/fr\/secretariat-general\/#primaryimage"},"thumbnailUrl":"https:\/\/aphasie.org\/wp-content\/uploads\/2024\/10\/Livia-1024x1024.jpg","datePublished":"2020-05-13T06:28:20+00:00","dateModified":"2026-04-08T11:07:07+00:00","breadcrumb":{"@id":"https:\/\/aphasie.org\/fr\/secretariat-general\/#breadcrumb"},"inLanguage":"fr-FR","potentialAction":[{"@type":"ReadAction","target":["https:\/\/aphasie.org\/fr\/secretariat-general\/"]}]},{"@type":"ImageObject","inLanguage":"fr-FR","@id":"https:\/\/aphasie.org\/fr\/secretariat-general\/#primaryimage","url":"https:\/\/aphasie.org\/wp-content\/uploads\/2024\/10\/Livia-1024x1024.jpg","contentUrl":"https:\/\/aphasie.org\/wp-content\/uploads\/2024\/10\/Livia-1024x1024.jpg"},{"@type":"BreadcrumbList","@id":"https:\/\/aphasie.org\/fr\/secretariat-general\/#breadcrumb","itemListElement":[{"@type":"ListItem","position":1,"name":"Home","item":"https:\/\/aphasie.org\/fr\/home\/"},{"@type":"ListItem","position":2,"name":"Secr\u00e9tariat g\u00e9n\u00e9ral"}]},{"@type":"WebSite","@id":"https:\/\/aphasie.org\/#website","url":"https:\/\/aphasie.org\/","name":"aphasie suisse","description":"wenn Worte fehlen","publisher":{"@id":"https:\/\/aphasie.org\/#organization"},"potentialAction":[{"@type":"SearchAction","target":{"@type":"EntryPoint","urlTemplate":"https:\/\/aphasie.org\/?s={search_term_string}"},"query-input":{"@type":"PropertyValueSpecification","valueRequired":true,"valueName":"search_term_string"}}],"inLanguage":"fr-FR"},{"@type":"Organization","@id":"https:\/\/aphasie.org\/#organization","name":"aphasie suisse","url":"https:\/\/aphasie.org\/","logo":{"@type":"ImageObject","inLanguage":"fr-FR","@id":"https:\/\/aphasie.org\/#\/schema\/logo\/image\/","url":"https:\/\/aphasie.org\/wp-content\/uploads\/2020\/05\/aphasie_Logo-1.svg","contentUrl":"https:\/\/aphasie.org\/wp-content\/uploads\/2020\/05\/aphasie_Logo-1.svg","width":133.599999999999994315658113919198513031005859375,"height":68.5,"caption":"aphasie suisse"},"image":{"@id":"https:\/\/aphasie.org\/#\/schema\/logo\/image\/"}}]}},"_links":{"self":[{"href":"https:\/\/aphasie.org\/fr\/wp-json\/wp\/v2\/pages\/9708","targetHints":{"allow":["GET"]}}],"collection":[{"href":"https:\/\/aphasie.org\/fr\/wp-json\/wp\/v2\/pages"}],"about":[{"href":"https:\/\/aphasie.org\/fr\/wp-json\/wp\/v2\/types\/page"}],"author":[{"embeddable":true,"href":"https:\/\/aphasie.org\/fr\/wp-json\/wp\/v2\/users\/1"}],"replies":[{"embeddable":true,"href":"https:\/\/aphasie.org\/fr\/wp-json\/wp\/v2\/comments?post=9708"}],"version-history":[{"count":30,"href":"https:\/\/aphasie.org\/fr\/wp-json\/wp\/v2\/pages\/9708\/revisions"}],"predecessor-version":[{"id":20673,"href":"https:\/\/aphasie.org\/fr\/wp-json\/wp\/v2\/pages\/9708\/revisions\/20673"}],"wp:attachment":[{"href":"https:\/\/aphasie.org\/fr\/wp-json\/wp\/v2\/media?parent=9708"}],"curies":[{"name":"wp","href":"https:\/\/api.w.org\/{rel}","templated":true}]}}