{"id":9710,"date":"2020-05-13T06:28:03","date_gmt":"2020-05-13T06:28:03","guid":{"rendered":"https:\/\/aphasie.org\/aphasie-suisse\/"},"modified":"2025-08-06T11:39:21","modified_gmt":"2025-08-06T11:39:21","slug":"aphasie-suisse","status":"publish","type":"page","link":"https:\/\/aphasie.org\/fr\/aphasie-suisse\/","title":{"rendered":"L&rsquo;association"},"content":{"rendered":"\t\t<div data-elementor-type=\"wp-page\" data-elementor-id=\"9710\" class=\"elementor elementor-9710 elementor-72\" data-elementor-post-type=\"page\">\n\t\t\t\t\t\t<section class=\"elementor-section elementor-top-section elementor-element elementor-element-18ec8f71 elementor-section-boxed elementor-section-height-default elementor-section-height-default\" data-id=\"18ec8f71\" data-element_type=\"section\" data-e-type=\"section\" data-settings=\"{&quot;jet_parallax_layout_list&quot;:[{&quot;jet_parallax_layout_image&quot;:{&quot;url&quot;:&quot;&quot;,&quot;id&quot;:&quot;&quot;,&quot;size&quot;:&quot;&quot;},&quot;_id&quot;:&quot;b82f757&quot;,&quot;jet_parallax_layout_image_tablet&quot;:{&quot;url&quot;:&quot;&quot;,&quot;id&quot;:&quot;&quot;,&quot;size&quot;:&quot;&quot;},&quot;jet_parallax_layout_image_mobile&quot;:{&quot;url&quot;:&quot;&quot;,&quot;id&quot;:&quot;&quot;,&quot;size&quot;:&quot;&quot;},&quot;jet_parallax_layout_speed&quot;:{&quot;unit&quot;:&quot;%&quot;,&quot;size&quot;:50,&quot;sizes&quot;:[]},&quot;jet_parallax_layout_type&quot;:&quot;scroll&quot;,&quot;jet_parallax_layout_direction&quot;:&quot;1&quot;,&quot;jet_parallax_layout_fx_direction&quot;:null,&quot;jet_parallax_layout_z_index&quot;:&quot;&quot;,&quot;jet_parallax_layout_bg_x&quot;:50,&quot;jet_parallax_layout_bg_x_tablet&quot;:&quot;&quot;,&quot;jet_parallax_layout_bg_x_mobile&quot;:&quot;&quot;,&quot;jet_parallax_layout_bg_y&quot;:50,&quot;jet_parallax_layout_bg_y_tablet&quot;:&quot;&quot;,&quot;jet_parallax_layout_bg_y_mobile&quot;:&quot;&quot;,&quot;jet_parallax_layout_bg_size&quot;:&quot;auto&quot;,&quot;jet_parallax_layout_bg_size_tablet&quot;:&quot;&quot;,&quot;jet_parallax_layout_bg_size_mobile&quot;:&quot;&quot;,&quot;jet_parallax_layout_animation_prop&quot;:&quot;transform&quot;,&quot;jet_parallax_layout_on&quot;:[&quot;desktop&quot;,&quot;tablet&quot;]}]}\">\n\t\t\t\t\t\t<div class=\"elementor-container elementor-column-gap-default\">\n\t\t\t\t\t<div class=\"elementor-column elementor-col-50 elementor-top-column elementor-element elementor-element-8b4ec5b\" data-id=\"8b4ec5b\" data-element_type=\"column\" data-e-type=\"column\">\n\t\t\t<div class=\"elementor-widget-wrap elementor-element-populated\">\n\t\t\t\t\t\t<div class=\"elementor-element elementor-element-fff4ddb elementor-widget elementor-widget-heading\" data-id=\"fff4ddb\" data-element_type=\"widget\" data-e-type=\"widget\" data-widget_type=\"heading.default\">\n\t\t\t\t<div class=\"elementor-widget-container\">\n\t\t\t\t\t<h1 class=\"elementor-heading-title elementor-size-default\">Association<\/h1>\t\t\t\t<\/div>\n\t\t\t\t<\/div>\n\t\t\t\t<div class=\"elementor-element elementor-element-11388d06 elementor-widget-divider--view-line elementor-widget elementor-widget-divider\" data-id=\"11388d06\" data-element_type=\"widget\" data-e-type=\"widget\" data-widget_type=\"divider.default\">\n\t\t\t\t<div class=\"elementor-widget-container\">\n\t\t\t\t\t\t\t<div class=\"elementor-divider\">\n\t\t\t<span class=\"elementor-divider-separator\">\n\t\t\t\t\t\t<\/span>\n\t\t<\/div>\n\t\t\t\t\t\t<\/div>\n\t\t\t\t<\/div>\n\t\t\t\t<div class=\"elementor-element elementor-element-28952c3b elementor-widget elementor-widget-text-editor\" data-id=\"28952c3b\" data-element_type=\"widget\" data-e-type=\"widget\" data-widget_type=\"text-editor.default\">\n\t\t\t\t<div class=\"elementor-widget-container\">\n\t\t\t\t\t\t\t\t\t<p>aphasie suisse est une association \u00e0 but non lucratif dans le domaine de la sant\u00e9 et du social. L\u2019association, fond\u00e9e en tant que telle en 1983 selon l\u2019art. 60 du code civil, regroupe \u00e0 la fois des professionnels, des personnes aphasiques et leurs proches. Elle est active dans toute la Suisse et n\u2019a pas d\u2019orientation politique ni religieuse.<\/p><h4><strong>Vision de l\u2019homme<\/strong><\/h4><p>Au cours de la vie, des maladies peuvent survenir et avoir des cons\u00e9quences physiques, psychiques et sociales. Nous croyons que l\u2019\u00eatre humain peut toujours \u00e9voluer et encourageons la participation de chacun \u00e0 la vie sociale.<\/p><p>Pour nous, chaque personne aphasique est unique et pr\u00e9cieuse. Nous voyons ses comp\u00e9tences et non pas ses d\u00e9ficits.<\/p><h4><strong>Lignes directrices<\/strong><\/h4><h5><strong>Association de professionnels<\/strong><\/h5><ul><li>Nous sommes la plate-forme unique pour l\u2019aphasie en Suisse. Nos comp\u00e9tences sont valid\u00e9es par notre collaboration avec des professionnels qui s\u2019int\u00e9ressent \u00e0 l\u2019aphasie en clinique et en recherche scientifique.<\/li><li>Nous cr\u00e9ons des liens entre les professionnels et les rapprochons des personnes aphasiques et de leurs proches.<\/li><\/ul><h5><strong>Association pour les personnes aphasiques<\/strong><\/h5><ul><li>Nous sommes \u00e0 l\u2019\u00e9coute des personnes aphasiques. Nous adaptons nos offres aux besoins de nos membres aphasiques.<\/li><li>Nous comprenons les proches des personnes aphasiques et les soutenons. Nous leurs transmettons des connaissances et des informations en lien avec leur nouvelle situation.<\/li><\/ul><h4><strong>Public cible<\/strong><\/h4><p>Nos membres sont des personnes aphasiques et leurs proches, des professionnels qui travaillent avec ceux-ci, des associations cantonales, des choeurs de personnes aphasiques et des institutions. Les politiciens et le grand public sont \u00e9galement des interlocuteurs privil\u00e9gi\u00e9s.<\/p><h4><strong>Label ZEWO<\/strong><\/h4><p>aphasie suisse est reconnue par la fondation ZEWO, qui \u00e9value les organisations d\u2019utilit\u00e9 publique collectant des dons. Elle est certifi\u00e9e par le label de qualit\u00e9 ZEWO. La comptabilit\u00e9 de l\u2019association r\u00e9pond aux derni\u00e8res normes de Swiss GAAP FER 21 et offre une transparence maximale.<\/p>\t\t\t\t\t\t\t\t<\/div>\n\t\t\t\t<\/div>\n\t\t\t\t<div class=\"elementor-element elementor-element-7da94a1 elementor-widget elementor-widget-button\" data-id=\"7da94a1\" data-element_type=\"widget\" data-e-type=\"widget\" data-widget_type=\"button.default\">\n\t\t\t\t<div class=\"elementor-widget-container\">\n\t\t\t\t\t\t\t\t\t<div class=\"elementor-button-wrapper\">\n\t\t\t\t\t<a class=\"elementor-button elementor-button-link elementor-size-sm\" href=\"https:\/\/aphasie.org\/wp-content\/uploads\/2025\/07\/Jahresbericht_2024_aphasie-suisse.pdf\">\n\t\t\t\t\t\t<span class=\"elementor-button-content-wrapper\">\n\t\t\t\t\t\t\t\t\t<span class=\"elementor-button-text\">Rapport annuel <\/span>\n\t\t\t\t\t<\/span>\n\t\t\t\t\t<\/a>\n\t\t\t\t<\/div>\n\t\t\t\t\t\t\t\t<\/div>\n\t\t\t\t<\/div>\n\t\t\t\t<div class=\"elementor-element elementor-element-2516e7e elementor-widget elementor-widget-button\" data-id=\"2516e7e\" data-element_type=\"widget\" data-e-type=\"widget\" data-widget_type=\"button.default\">\n\t\t\t\t<div class=\"elementor-widget-container\">\n\t\t\t\t\t\t\t\t\t<div class=\"elementor-button-wrapper\">\n\t\t\t\t\t<a class=\"elementor-button elementor-button-link elementor-size-sm\" href=\"https:\/\/aphasie.org\/wp-content\/uploads\/2025\/08\/Revisionsbericht-2024.pdf\">\n\t\t\t\t\t\t<span class=\"elementor-button-content-wrapper\">\n\t\t\t\t\t\t\t\t\t<span class=\"elementor-button-text\">Rapport de r\u00e9vision<\/span>\n\t\t\t\t\t<\/span>\n\t\t\t\t\t<\/a>\n\t\t\t\t<\/div>\n\t\t\t\t\t\t\t\t<\/div>\n\t\t\t\t<\/div>\n\t\t\t\t\t<\/div>\n\t\t<\/div>\n\t\t\t\t<div class=\"elementor-column elementor-col-50 elementor-top-column elementor-element elementor-element-4b7f6d90\" data-id=\"4b7f6d90\" data-element_type=\"column\" data-e-type=\"column\" data-settings=\"{&quot;background_background&quot;:&quot;classic&quot;}\">\n\t\t\t<div class=\"elementor-widget-wrap elementor-element-populated\">\n\t\t\t\t\t\t<section class=\"elementor-section elementor-inner-section elementor-element elementor-element-162a8d97 elementor-section-boxed elementor-section-height-default elementor-section-height-default\" data-id=\"162a8d97\" data-element_type=\"section\" data-e-type=\"section\" data-settings=\"{&quot;jet_parallax_layout_list&quot;:[{&quot;jet_parallax_layout_image&quot;:{&quot;url&quot;:&quot;&quot;,&quot;id&quot;:&quot;&quot;,&quot;size&quot;:&quot;&quot;},&quot;_id&quot;:&quot;626650f&quot;,&quot;jet_parallax_layout_image_tablet&quot;:{&quot;url&quot;:&quot;&quot;,&quot;id&quot;:&quot;&quot;,&quot;size&quot;:&quot;&quot;},&quot;jet_parallax_layout_image_mobile&quot;:{&quot;url&quot;:&quot;&quot;,&quot;id&quot;:&quot;&quot;,&quot;size&quot;:&quot;&quot;},&quot;jet_parallax_layout_speed&quot;:{&quot;unit&quot;:&quot;%&quot;,&quot;size&quot;:50,&quot;sizes&quot;:[]},&quot;jet_parallax_layout_type&quot;:&quot;scroll&quot;,&quot;jet_parallax_layout_direction&quot;:&quot;1&quot;,&quot;jet_parallax_layout_fx_direction&quot;:null,&quot;jet_parallax_layout_z_index&quot;:&quot;&quot;,&quot;jet_parallax_layout_bg_x&quot;:50,&quot;jet_parallax_layout_bg_x_tablet&quot;:&quot;&quot;,&quot;jet_parallax_layout_bg_x_mobile&quot;:&quot;&quot;,&quot;jet_parallax_layout_bg_y&quot;:50,&quot;jet_parallax_layout_bg_y_tablet&quot;:&quot;&quot;,&quot;jet_parallax_layout_bg_y_mobile&quot;:&quot;&quot;,&quot;jet_parallax_layout_bg_size&quot;:&quot;auto&quot;,&quot;jet_parallax_layout_bg_size_tablet&quot;:&quot;&quot;,&quot;jet_parallax_layout_bg_size_mobile&quot;:&quot;&quot;,&quot;jet_parallax_layout_animation_prop&quot;:&quot;transform&quot;,&quot;jet_parallax_layout_on&quot;:[&quot;desktop&quot;,&quot;tablet&quot;]}],&quot;sticky&quot;:&quot;top&quot;,&quot;sticky_offset&quot;:175,&quot;sticky_on&quot;:[&quot;desktop&quot;,&quot;tablet&quot;],&quot;sticky_effects_offset&quot;:348,&quot;sticky_anchor_link_offset&quot;:0}\">\n\t\t\t\t\t\t<div class=\"elementor-container elementor-column-gap-default\">\n\t\t\t\t\t<div class=\"elementor-column elementor-col-100 elementor-inner-column elementor-element elementor-element-72cf2bdd\" data-id=\"72cf2bdd\" data-element_type=\"column\" data-e-type=\"column\" data-settings=\"{&quot;background_background&quot;:&quot;classic&quot;}\">\n\t\t\t<div class=\"elementor-widget-wrap elementor-element-populated\">\n\t\t\t\t\t\t<div class=\"elementor-element elementor-element-2a4768da elementor-widget elementor-widget-nav-menu\" data-id=\"2a4768da\" data-element_type=\"widget\" data-e-type=\"widget\" data-settings=\"{&quot;layout&quot;:&quot;dropdown&quot;,&quot;submenu_icon&quot;:{&quot;value&quot;:&quot;&lt;i class=\\&quot;fas fa-chevron-down\\&quot; aria-hidden=\\&quot;true\\&quot;&gt;&lt;\\\/i&gt;&quot;,&quot;library&quot;:&quot;fa-solid&quot;}}\" data-widget_type=\"nav-menu.default\">\n\t\t\t\t<div class=\"elementor-widget-container\">\n\t\t\t\t\t\t\t\t<nav class=\"elementor-nav-menu--dropdown elementor-nav-menu__container\" aria-hidden=\"true\">\n\t\t\t\t<ul id=\"menu-2-2a4768da\" class=\"elementor-nav-menu\"><li class=\"menu-item menu-item-type-post_type menu-item-object-page menu-item-9923\"><a href=\"https:\/\/aphasie.org\/fr\/aphasie-suisse\/\" class=\"elementor-item\" tabindex=\"-1\">L&rsquo;association<\/a><\/li>\n<li class=\"menu-item menu-item-type-post_type menu-item-object-page menu-item-9924\"><a href=\"https:\/\/aphasie.org\/fr\/comite\/\" class=\"elementor-item\" tabindex=\"-1\">Comit\u00e9<\/a><\/li>\n<li class=\"menu-item menu-item-type-post_type menu-item-object-page menu-item-9925\"><a href=\"https:\/\/aphasie.org\/fr\/secretariat-general\/\" class=\"elementor-item\" tabindex=\"-1\">Secr\u00e9tariat g\u00e9n\u00e9ral<\/a><\/li>\n<li class=\"menu-item menu-item-type-post_type menu-item-object-page menu-item-9926\"><a href=\"https:\/\/aphasie.org\/fr\/aphasietreff\/\" class=\"elementor-item\" tabindex=\"-1\">Conseil social et juridique<\/a><\/li>\n<li class=\"menu-item menu-item-type-post_type menu-item-object-page menu-item-9927\"><a href=\"https:\/\/aphasie.org\/fr\/offres\/\" class=\"elementor-item\" tabindex=\"-1\">Offres<\/a><\/li>\n<li class=\"menu-item menu-item-type-post_type menu-item-object-page menu-item-9928\"><a href=\"https:\/\/aphasie.org\/fr\/mitgliedschaft\/\" class=\"elementor-item\" tabindex=\"-1\">Adh\u00e9sion<\/a><\/li>\n<li class=\"menu-item menu-item-type-post_type menu-item-object-page menu-item-9929\"><a href=\"https:\/\/aphasie.org\/fr\/ihre-spende\/\" class=\"elementor-item\" tabindex=\"-1\">Vos dons<\/a><\/li>\n<\/ul>\t\t\t<\/nav>\n\t\t\t\t\t\t<\/div>\n\t\t\t\t<\/div>\n\t\t\t\t\t<\/div>\n\t\t<\/div>\n\t\t\t\t\t<\/div>\n\t\t<\/section>\n\t\t\t\t\t<\/div>\n\t\t<\/div>\n\t\t\t\t\t<\/div>\n\t\t<\/section>\n\t\t\t\t<\/div>\n\t\t","protected":false},"excerpt":{"rendered":"<p>Association aphasie suisse est une association \u00e0 but non lucratif dans le domaine de la sant\u00e9 et du social. L\u2019association, fond\u00e9e en tant que telle en 1983 selon l\u2019art. 60 du code civil, regroupe \u00e0 la fois des professionnels, des personnes aphasiques et leurs proches. Elle est active dans toute la Suisse et n\u2019a pas [&hellip;]<\/p>\n","protected":false},"author":1,"featured_media":0,"parent":0,"menu_order":0,"comment_status":"closed","ping_status":"closed","template":"","meta":{"footnotes":""},"class_list":["post-9710","page","type-page","status-publish","hentry"],"yoast_head":"<!-- This site is optimized with the Yoast SEO plugin v27.1.1 - https:\/\/yoast.com\/product\/yoast-seo-wordpress\/ -->\n<title>aphasie suisse | L&#039;association<\/title>\n<meta name=\"robots\" content=\"index, follow, max-snippet:-1, max-image-preview:large, max-video-preview:-1\" \/>\n<link rel=\"canonical\" href=\"https:\/\/aphasie.org\/fr\/aphasie-suisse\/\" \/>\n<meta property=\"og:locale\" content=\"fr_FR\" \/>\n<meta property=\"og:type\" content=\"article\" \/>\n<meta property=\"og:title\" content=\"aphasie suisse | L&#039;association\" \/>\n<meta property=\"og:description\" content=\"Association aphasie suisse est une association \u00e0 but non lucratif dans le domaine de la sant\u00e9 et du social. L\u2019association, fond\u00e9e en tant que telle en 1983 selon l\u2019art. 60 du code civil, regroupe \u00e0 la fois des professionnels, des personnes aphasiques et leurs proches. Elle est active dans toute la Suisse et n\u2019a pas [&hellip;]\" \/>\n<meta property=\"og:url\" content=\"https:\/\/aphasie.org\/fr\/aphasie-suisse\/\" \/>\n<meta property=\"og:site_name\" content=\"aphasie suisse\" \/>\n<meta property=\"article:modified_time\" content=\"2025-08-06T11:39:21+00:00\" \/>\n<meta name=\"twitter:card\" content=\"summary_large_image\" \/>\n<meta name=\"twitter:label1\" content=\"Dur\u00e9e de lecture estim\u00e9e\" \/>\n\t<meta name=\"twitter:data1\" content=\"2 minutes\" \/>\n<script type=\"application\/ld+json\" class=\"yoast-schema-graph\">{\"@context\":\"https:\/\/schema.org\",\"@graph\":[{\"@type\":\"WebPage\",\"@id\":\"https:\/\/aphasie.org\/fr\/aphasie-suisse\/\",\"url\":\"https:\/\/aphasie.org\/fr\/aphasie-suisse\/\",\"name\":\"aphasie suisse | L'association\",\"isPartOf\":{\"@id\":\"https:\/\/aphasie.org\/#website\"},\"datePublished\":\"2020-05-13T06:28:03+00:00\",\"dateModified\":\"2025-08-06T11:39:21+00:00\",\"breadcrumb\":{\"@id\":\"https:\/\/aphasie.org\/fr\/aphasie-suisse\/#breadcrumb\"},\"inLanguage\":\"fr-FR\",\"potentialAction\":[{\"@type\":\"ReadAction\",\"target\":[\"https:\/\/aphasie.org\/fr\/aphasie-suisse\/\"]}]},{\"@type\":\"BreadcrumbList\",\"@id\":\"https:\/\/aphasie.org\/fr\/aphasie-suisse\/#breadcrumb\",\"itemListElement\":[{\"@type\":\"ListItem\",\"position\":1,\"name\":\"Home\",\"item\":\"https:\/\/aphasie.org\/fr\/home\/\"},{\"@type\":\"ListItem\",\"position\":2,\"name\":\"L&#8217;association\"}]},{\"@type\":\"WebSite\",\"@id\":\"https:\/\/aphasie.org\/#website\",\"url\":\"https:\/\/aphasie.org\/\",\"name\":\"aphasie suisse\",\"description\":\"wenn Worte fehlen\",\"publisher\":{\"@id\":\"https:\/\/aphasie.org\/#organization\"},\"potentialAction\":[{\"@type\":\"SearchAction\",\"target\":{\"@type\":\"EntryPoint\",\"urlTemplate\":\"https:\/\/aphasie.org\/?s={search_term_string}\"},\"query-input\":{\"@type\":\"PropertyValueSpecification\",\"valueRequired\":true,\"valueName\":\"search_term_string\"}}],\"inLanguage\":\"fr-FR\"},{\"@type\":\"Organization\",\"@id\":\"https:\/\/aphasie.org\/#organization\",\"name\":\"aphasie suisse\",\"url\":\"https:\/\/aphasie.org\/\",\"logo\":{\"@type\":\"ImageObject\",\"inLanguage\":\"fr-FR\",\"@id\":\"https:\/\/aphasie.org\/#\/schema\/logo\/image\/\",\"url\":\"https:\/\/aphasie.org\/wp-content\/uploads\/2020\/05\/aphasie_Logo-1.svg\",\"contentUrl\":\"https:\/\/aphasie.org\/wp-content\/uploads\/2020\/05\/aphasie_Logo-1.svg\",\"width\":133.599999999999994315658113919198513031005859375,\"height\":68.5,\"caption\":\"aphasie suisse\"},\"image\":{\"@id\":\"https:\/\/aphasie.org\/#\/schema\/logo\/image\/\"}}]}<\/script>\n<!-- \/ Yoast SEO plugin. -->","yoast_head_json":{"title":"aphasie suisse | L'association","robots":{"index":"index","follow":"follow","max-snippet":"max-snippet:-1","max-image-preview":"max-image-preview:large","max-video-preview":"max-video-preview:-1"},"canonical":"https:\/\/aphasie.org\/fr\/aphasie-suisse\/","og_locale":"fr_FR","og_type":"article","og_title":"aphasie suisse | L'association","og_description":"Association aphasie suisse est une association \u00e0 but non lucratif dans le domaine de la sant\u00e9 et du social. L\u2019association, fond\u00e9e en tant que telle en 1983 selon l\u2019art. 60 du code civil, regroupe \u00e0 la fois des professionnels, des personnes aphasiques et leurs proches. Elle est active dans toute la Suisse et n\u2019a pas [&hellip;]","og_url":"https:\/\/aphasie.org\/fr\/aphasie-suisse\/","og_site_name":"aphasie suisse","article_modified_time":"2025-08-06T11:39:21+00:00","twitter_card":"summary_large_image","twitter_misc":{"Dur\u00e9e de lecture estim\u00e9e":"2 minutes"},"schema":{"@context":"https:\/\/schema.org","@graph":[{"@type":"WebPage","@id":"https:\/\/aphasie.org\/fr\/aphasie-suisse\/","url":"https:\/\/aphasie.org\/fr\/aphasie-suisse\/","name":"aphasie suisse | L'association","isPartOf":{"@id":"https:\/\/aphasie.org\/#website"},"datePublished":"2020-05-13T06:28:03+00:00","dateModified":"2025-08-06T11:39:21+00:00","breadcrumb":{"@id":"https:\/\/aphasie.org\/fr\/aphasie-suisse\/#breadcrumb"},"inLanguage":"fr-FR","potentialAction":[{"@type":"ReadAction","target":["https:\/\/aphasie.org\/fr\/aphasie-suisse\/"]}]},{"@type":"BreadcrumbList","@id":"https:\/\/aphasie.org\/fr\/aphasie-suisse\/#breadcrumb","itemListElement":[{"@type":"ListItem","position":1,"name":"Home","item":"https:\/\/aphasie.org\/fr\/home\/"},{"@type":"ListItem","position":2,"name":"L&#8217;association"}]},{"@type":"WebSite","@id":"https:\/\/aphasie.org\/#website","url":"https:\/\/aphasie.org\/","name":"aphasie suisse","description":"wenn Worte fehlen","publisher":{"@id":"https:\/\/aphasie.org\/#organization"},"potentialAction":[{"@type":"SearchAction","target":{"@type":"EntryPoint","urlTemplate":"https:\/\/aphasie.org\/?s={search_term_string}"},"query-input":{"@type":"PropertyValueSpecification","valueRequired":true,"valueName":"search_term_string"}}],"inLanguage":"fr-FR"},{"@type":"Organization","@id":"https:\/\/aphasie.org\/#organization","name":"aphasie suisse","url":"https:\/\/aphasie.org\/","logo":{"@type":"ImageObject","inLanguage":"fr-FR","@id":"https:\/\/aphasie.org\/#\/schema\/logo\/image\/","url":"https:\/\/aphasie.org\/wp-content\/uploads\/2020\/05\/aphasie_Logo-1.svg","contentUrl":"https:\/\/aphasie.org\/wp-content\/uploads\/2020\/05\/aphasie_Logo-1.svg","width":133.599999999999994315658113919198513031005859375,"height":68.5,"caption":"aphasie suisse"},"image":{"@id":"https:\/\/aphasie.org\/#\/schema\/logo\/image\/"}}]}},"_links":{"self":[{"href":"https:\/\/aphasie.org\/fr\/wp-json\/wp\/v2\/pages\/9710","targetHints":{"allow":["GET"]}}],"collection":[{"href":"https:\/\/aphasie.org\/fr\/wp-json\/wp\/v2\/pages"}],"about":[{"href":"https:\/\/aphasie.org\/fr\/wp-json\/wp\/v2\/types\/page"}],"author":[{"embeddable":true,"href":"https:\/\/aphasie.org\/fr\/wp-json\/wp\/v2\/users\/1"}],"replies":[{"embeddable":true,"href":"https:\/\/aphasie.org\/fr\/wp-json\/wp\/v2\/comments?post=9710"}],"version-history":[{"count":12,"href":"https:\/\/aphasie.org\/fr\/wp-json\/wp\/v2\/pages\/9710\/revisions"}],"predecessor-version":[{"id":18927,"href":"https:\/\/aphasie.org\/fr\/wp-json\/wp\/v2\/pages\/9710\/revisions\/18927"}],"wp:attachment":[{"href":"https:\/\/aphasie.org\/fr\/wp-json\/wp\/v2\/media?parent=9710"}],"curies":[{"name":"wp","href":"https:\/\/api.w.org\/{rel}","templated":true}]}}