{"id":9712,"date":"2020-05-13T06:27:14","date_gmt":"2020-05-13T06:27:14","guid":{"rendered":"https:\/\/aphasie.org\/radiobeitraege\/"},"modified":"2025-12-23T08:59:59","modified_gmt":"2025-12-23T08:59:59","slug":"diffusions-radio","status":"publish","type":"page","link":"https:\/\/aphasie.org\/fr\/diffusions-radio\/","title":{"rendered":"Diffusions radio"},"content":{"rendered":"\t\t<div data-elementor-type=\"wp-page\" data-elementor-id=\"9712\" class=\"elementor elementor-9712 elementor-62\" data-elementor-post-type=\"page\">\n\t\t\t\t\t\t<section class=\"elementor-section elementor-top-section elementor-element elementor-element-75abfc6e elementor-reverse-mobile elementor-section-boxed elementor-section-height-default elementor-section-height-default\" data-id=\"75abfc6e\" data-element_type=\"section\" data-e-type=\"section\" data-settings=\"{&quot;jet_parallax_layout_list&quot;:[{&quot;jet_parallax_layout_image&quot;:{&quot;url&quot;:&quot;&quot;,&quot;id&quot;:&quot;&quot;,&quot;size&quot;:&quot;&quot;},&quot;_id&quot;:&quot;b82f757&quot;,&quot;jet_parallax_layout_image_tablet&quot;:{&quot;url&quot;:&quot;&quot;,&quot;id&quot;:&quot;&quot;,&quot;size&quot;:&quot;&quot;},&quot;jet_parallax_layout_image_mobile&quot;:{&quot;url&quot;:&quot;&quot;,&quot;id&quot;:&quot;&quot;,&quot;size&quot;:&quot;&quot;},&quot;jet_parallax_layout_speed&quot;:{&quot;unit&quot;:&quot;%&quot;,&quot;size&quot;:50,&quot;sizes&quot;:[]},&quot;jet_parallax_layout_type&quot;:&quot;scroll&quot;,&quot;jet_parallax_layout_direction&quot;:&quot;1&quot;,&quot;jet_parallax_layout_fx_direction&quot;:null,&quot;jet_parallax_layout_z_index&quot;:&quot;&quot;,&quot;jet_parallax_layout_bg_x&quot;:50,&quot;jet_parallax_layout_bg_x_tablet&quot;:&quot;&quot;,&quot;jet_parallax_layout_bg_x_mobile&quot;:&quot;&quot;,&quot;jet_parallax_layout_bg_y&quot;:50,&quot;jet_parallax_layout_bg_y_tablet&quot;:&quot;&quot;,&quot;jet_parallax_layout_bg_y_mobile&quot;:&quot;&quot;,&quot;jet_parallax_layout_bg_size&quot;:&quot;auto&quot;,&quot;jet_parallax_layout_bg_size_tablet&quot;:&quot;&quot;,&quot;jet_parallax_layout_bg_size_mobile&quot;:&quot;&quot;,&quot;jet_parallax_layout_animation_prop&quot;:&quot;transform&quot;,&quot;jet_parallax_layout_on&quot;:[&quot;desktop&quot;,&quot;tablet&quot;]}]}\">\n\t\t\t\t\t\t<div class=\"elementor-container elementor-column-gap-default\">\n\t\t\t\t\t<div class=\"elementor-column elementor-col-50 elementor-top-column elementor-element elementor-element-eebcd0c\" data-id=\"eebcd0c\" data-element_type=\"column\" data-e-type=\"column\">\n\t\t\t<div class=\"elementor-widget-wrap elementor-element-populated\">\n\t\t\t\t\t\t<div class=\"elementor-element elementor-element-1473e6d2 elementor-widget elementor-widget-heading\" data-id=\"1473e6d2\" data-element_type=\"widget\" data-e-type=\"widget\" data-widget_type=\"heading.default\">\n\t\t\t\t<div class=\"elementor-widget-container\">\n\t\t\t\t\t<h1 class=\"elementor-heading-title elementor-size-default\">Diffusions radio<\/h1>\t\t\t\t<\/div>\n\t\t\t\t<\/div>\n\t\t\t\t<div class=\"elementor-element elementor-element-139cad96 elementor-widget-divider--view-line elementor-widget elementor-widget-divider\" data-id=\"139cad96\" data-element_type=\"widget\" data-e-type=\"widget\" data-widget_type=\"divider.default\">\n\t\t\t\t<div class=\"elementor-widget-container\">\n\t\t\t\t\t\t\t<div class=\"elementor-divider\">\n\t\t\t<span class=\"elementor-divider-separator\">\n\t\t\t\t\t\t<\/span>\n\t\t<\/div>\n\t\t\t\t\t\t<\/div>\n\t\t\t\t<\/div>\n\t\t\t\t<section class=\"elementor-section elementor-inner-section elementor-element elementor-element-97656df elementor-section-boxed elementor-section-height-default elementor-section-height-default\" data-id=\"97656df\" data-element_type=\"section\" data-e-type=\"section\" data-settings=\"{&quot;jet_parallax_layout_list&quot;:[],&quot;background_background&quot;:&quot;classic&quot;}\">\n\t\t\t\t\t\t<div class=\"elementor-container elementor-column-gap-default\">\n\t\t\t\t\t<div class=\"elementor-column elementor-col-100 elementor-inner-column elementor-element elementor-element-725eb71\" data-id=\"725eb71\" data-element_type=\"column\" data-e-type=\"column\">\n\t\t\t<div class=\"elementor-widget-wrap elementor-element-populated\">\n\t\t\t\t\t\t<div class=\"elementor-element elementor-element-223c318 elementor-widget elementor-widget-heading\" data-id=\"223c318\" data-element_type=\"widget\" data-e-type=\"widget\" data-widget_type=\"heading.default\">\n\t\t\t\t<div class=\"elementor-widget-container\">\n\t\t\t\t\t<h4 class=\"elementor-heading-title elementor-size-default\">Ici la Suisse, Episode du 27 ao\u00fbt - rts podcast<\/h4>\t\t\t\t<\/div>\n\t\t\t\t<\/div>\n\t\t\t\t<div class=\"elementor-element elementor-element-71a6e04 elementor-widget elementor-widget-text-editor\" data-id=\"71a6e04\" data-element_type=\"widget\" data-e-type=\"widget\" data-widget_type=\"text-editor.default\">\n\t\t\t\t<div class=\"elementor-widget-container\">\n\t\t\t\t\t\t\t\t\t<p class=\"media-title\">Ici la Suisse &#8211; Le ch\u0153ur neuch\u00e2telois LaFaSi, compos\u00e9 de personnes ayant perdu partiellement l&rsquo;usage du langage.<\/p><p><a href=\"https:\/\/www.rts.ch\/audio-podcast\/2025\/audio\/ici-la-suisse-le-c-ur-neuchatelois-lafasi-compose-de-personnes-ayant-perdu-partiellement-l-usage-du-langage-28979816.html\">Ici la Suisse &#8211; Le ch\u0153ur neuch\u00e2telois LaFaSi, compos\u00e9 de personnes ayant perdu partiellement l&rsquo;usage du langage | RTS<\/a><\/p>\t\t\t\t\t\t\t\t<\/div>\n\t\t\t\t<\/div>\n\t\t\t\t\t<\/div>\n\t\t<\/div>\n\t\t\t\t\t<\/div>\n\t\t<\/section>\n\t\t\t\t<section class=\"elementor-section elementor-inner-section elementor-element elementor-element-8c843d8 elementor-section-boxed elementor-section-height-default elementor-section-height-default\" data-id=\"8c843d8\" data-element_type=\"section\" data-e-type=\"section\" data-settings=\"{&quot;jet_parallax_layout_list&quot;:[],&quot;background_background&quot;:&quot;classic&quot;}\">\n\t\t\t\t\t\t<div class=\"elementor-container elementor-column-gap-default\">\n\t\t\t\t\t<div class=\"elementor-column elementor-col-100 elementor-inner-column elementor-element elementor-element-56dc994\" data-id=\"56dc994\" data-element_type=\"column\" data-e-type=\"column\">\n\t\t\t<div class=\"elementor-widget-wrap elementor-element-populated\">\n\t\t\t\t\t\t<div class=\"elementor-element elementor-element-f1b49c5 elementor-widget elementor-widget-heading\" data-id=\"f1b49c5\" data-element_type=\"widget\" data-e-type=\"widget\" data-widget_type=\"heading.default\">\n\t\t\t\t<div class=\"elementor-widget-container\">\n\t\t\t\t\t<h4 class=\"elementor-heading-title elementor-size-default\">Le chant des aphasiques - rts podcast<\/h4>\t\t\t\t<\/div>\n\t\t\t\t<\/div>\n\t\t\t\t<div class=\"elementor-element elementor-element-a7ecf20 elementor-widget elementor-widget-text-editor\" data-id=\"a7ecf20\" data-element_type=\"widget\" data-e-type=\"widget\" data-widget_type=\"text-editor.default\">\n\t\t\t\t<div class=\"elementor-widget-container\">\n\t\t\t\t\t\t\t\t\t<p><span style=\"color: var( --e-global-color-text ); font-family: var( --e-global-typography-text-font-family ), Sans-serif; background-color: var( --e-global-color-6039d7eb );\">\u00c0 Neuch\u00e2tel, deux chorales Lafasi et Parkinsooonne int\u00e8grent des personnes atteintes d&rsquo;aphasie ou de la maladie de Parkinson.\u00a0<\/span><br \/><span style=\"color: var( --e-global-color-text ); font-family: var( --e-global-typography-text-font-family ), Sans-serif; background-color: var( --e-global-color-6039d7eb );\">La pratique du chant, en rythme et en musique, stimule des processus cognitifs et peut am\u00e9liorer de langage. C&rsquo;est aussi l&rsquo;occasion de rompre l&rsquo;isolement social en appartenent \u00e0 un groupe.<\/span><\/p><p data-testid=\"ExpressionSummary-standFirst\"><a href=\"https:\/\/www.rts.ch\/audio-podcast\/2024\/audio\/le-chant-des-aphasiques-28702061.html\">https:\/\/www.rts.ch\/audio-podcast\/2024\/audio\/le-chant-des-aphasiques<\/a><\/p><p>\u00a0<\/p>\t\t\t\t\t\t\t\t<\/div>\n\t\t\t\t<\/div>\n\t\t\t\t\t<\/div>\n\t\t<\/div>\n\t\t\t\t\t<\/div>\n\t\t<\/section>\n\t\t\t\t<section class=\"elementor-section elementor-inner-section elementor-element elementor-element-3b59780 elementor-section-boxed elementor-section-height-default elementor-section-height-default\" data-id=\"3b59780\" data-element_type=\"section\" data-e-type=\"section\" data-settings=\"{&quot;jet_parallax_layout_list&quot;:[],&quot;background_background&quot;:&quot;classic&quot;}\">\n\t\t\t\t\t\t<div class=\"elementor-container elementor-column-gap-default\">\n\t\t\t\t\t<div class=\"elementor-column elementor-col-100 elementor-inner-column elementor-element elementor-element-9e6023d\" data-id=\"9e6023d\" data-element_type=\"column\" data-e-type=\"column\">\n\t\t\t<div class=\"elementor-widget-wrap elementor-element-populated\">\n\t\t\t\t\t\t<div class=\"elementor-element elementor-element-c28ef2c elementor-widget elementor-widget-heading\" data-id=\"c28ef2c\" data-element_type=\"widget\" data-e-type=\"widget\" data-widget_type=\"heading.default\">\n\t\t\t\t<div class=\"elementor-widget-container\">\n\t\t\t\t\t<h4 class=\"elementor-heading-title elementor-size-default\">Apr\u00e8s mon AVS: 5 ans de silence radio \u2013 radiofrance<\/h4>\t\t\t\t<\/div>\n\t\t\t\t<\/div>\n\t\t\t\t<div class=\"elementor-element elementor-element-71c4985 elementor-widget elementor-widget-text-editor\" data-id=\"71c4985\" data-element_type=\"widget\" data-e-type=\"widget\" data-widget_type=\"text-editor.default\">\n\t\t\t\t<div class=\"elementor-widget-container\">\n\t\t\t\t\t\t\t\t\t<p>27.08.2022<\/p><p class=\"ExpressionSummary-standFirst qg-tt4 qg-xtra-lh svelte-tu0738\" data-testid=\"ExpressionSummary-standFirst\">Chaque ann\u00e9e, environ 150\u00a0000 Fran\u00e7ais ont un accident vasculaire c\u00e9r\u00e9bral. 40% s\u2019en sortent sans s\u00e9quelles, 10% en meurent. Entre les deux, il y a la vie avec un handicap plus ou moins visible, plus ou moins compatible avec la vie en soci\u00e9t\u00e9.<\/p><p><a href=\"https:\/\/www.radiofrance.fr\/franceculture\/podcasts\/grand-reportage\/apres-mon-avc-5-ans-de-silence-radio-2185485\">Apr\u00e8s mon AVC : 5 ans de silence radio (radiofrance.fr)<\/a><\/p>\t\t\t\t\t\t\t\t<\/div>\n\t\t\t\t<\/div>\n\t\t\t\t\t<\/div>\n\t\t<\/div>\n\t\t\t\t\t<\/div>\n\t\t<\/section>\n\t\t\t\t<section class=\"elementor-section elementor-inner-section elementor-element elementor-element-4121c76 elementor-section-boxed elementor-section-height-default elementor-section-height-default\" data-id=\"4121c76\" data-element_type=\"section\" data-e-type=\"section\" data-settings=\"{&quot;jet_parallax_layout_list&quot;:[],&quot;background_background&quot;:&quot;classic&quot;}\">\n\t\t\t\t\t\t<div class=\"elementor-container elementor-column-gap-default\">\n\t\t\t\t\t<div class=\"elementor-column elementor-col-100 elementor-inner-column elementor-element elementor-element-a33174d\" data-id=\"a33174d\" data-element_type=\"column\" data-e-type=\"column\">\n\t\t\t<div class=\"elementor-widget-wrap elementor-element-populated\">\n\t\t\t\t\t\t<div class=\"elementor-element elementor-element-aaaaca9 elementor-widget elementor-widget-heading\" data-id=\"aaaaca9\" data-element_type=\"widget\" data-e-type=\"widget\" data-widget_type=\"heading.default\">\n\t\t\t\t<div class=\"elementor-widget-container\">\n\t\t\t\t\t<h4 class=\"elementor-heading-title elementor-size-default\">On en parle  \u2013 SRS 1\n<\/h4>\t\t\t\t<\/div>\n\t\t\t\t<\/div>\n\t\t\t\t<div class=\"elementor-element elementor-element-6f29b2c elementor-widget elementor-widget-text-editor\" data-id=\"6f29b2c\" data-element_type=\"widget\" data-e-type=\"widget\" data-widget_type=\"text-editor.default\">\n\t\t\t\t<div class=\"elementor-widget-container\">\n\t\t\t\t\t\t\t\t\t<p>05.03.2013<br \/>Une campagne de sensibilation \u00e0 l&rsquo;aphaise<\/p><p><a href=\"https:\/\/www.youtube.com\/watch?v=0p2lz5Vmazs\">On en parle RTS<\/a><\/p>\t\t\t\t\t\t\t\t<\/div>\n\t\t\t\t<\/div>\n\t\t\t\t\t<\/div>\n\t\t<\/div>\n\t\t\t\t\t<\/div>\n\t\t<\/section>\n\t\t\t\t<section class=\"elementor-section elementor-inner-section elementor-element elementor-element-8789601 elementor-section-boxed elementor-section-height-default elementor-section-height-default\" data-id=\"8789601\" data-element_type=\"section\" data-e-type=\"section\" data-settings=\"{&quot;jet_parallax_layout_list&quot;:[],&quot;background_background&quot;:&quot;classic&quot;}\">\n\t\t\t\t\t\t<div class=\"elementor-container elementor-column-gap-default\">\n\t\t\t\t\t<div class=\"elementor-column elementor-col-100 elementor-inner-column elementor-element elementor-element-78df437\" data-id=\"78df437\" data-element_type=\"column\" data-e-type=\"column\">\n\t\t\t<div class=\"elementor-widget-wrap elementor-element-populated\">\n\t\t\t\t\t\t<div class=\"elementor-element elementor-element-f081e81 elementor-widget elementor-widget-heading\" data-id=\"f081e81\" data-element_type=\"widget\" data-e-type=\"widget\" data-widget_type=\"heading.default\">\n\t\t\t\t<div class=\"elementor-widget-container\">\n\t\t\t\t\t<h4 class=\"elementor-heading-title elementor-size-default\">Grand invite Radio de Cite Geneve<\/h4>\t\t\t\t<\/div>\n\t\t\t\t<\/div>\n\t\t\t\t<div class=\"elementor-element elementor-element-0f11170 elementor-widget elementor-widget-text-editor\" data-id=\"0f11170\" data-element_type=\"widget\" data-e-type=\"widget\" data-widget_type=\"text-editor.default\">\n\t\t\t\t<div class=\"elementor-widget-container\">\n\t\t\t\t\t\t\t\t\t<p>06.03.2013<br \/>L&rsquo;aphasie &#8211; c&rsquo;est quoi?<\/p><p><a href=\"https:\/\/www.youtube.com\/watch?v=9TjDtSi63PU\">Grand invite Radio de Cite Geneve <\/a><\/p>\t\t\t\t\t\t\t\t<\/div>\n\t\t\t\t<\/div>\n\t\t\t\t\t<\/div>\n\t\t<\/div>\n\t\t\t\t\t<\/div>\n\t\t<\/section>\n\t\t\t\t\t<\/div>\n\t\t<\/div>\n\t\t\t\t<div class=\"elementor-column elementor-col-50 elementor-top-column elementor-element elementor-element-6785fc5b\" data-id=\"6785fc5b\" data-element_type=\"column\" data-e-type=\"column\" data-settings=\"{&quot;background_background&quot;:&quot;classic&quot;}\">\n\t\t\t<div class=\"elementor-widget-wrap\">\n\t\t\t\t\t\t\t<\/div>\n\t\t<\/div>\n\t\t\t\t\t<\/div>\n\t\t<\/section>\n\t\t\t\t<\/div>\n\t\t","protected":false},"excerpt":{"rendered":"<p>Diffusions radio Ici la Suisse, Episode du 27 ao\u00fbt &#8211; rts podcast Ici la Suisse &#8211; Le ch\u0153ur neuch\u00e2telois LaFaSi, compos\u00e9 de personnes ayant perdu partiellement l&rsquo;usage du langage. Ici la Suisse &#8211; Le ch\u0153ur neuch\u00e2telois LaFaSi, compos\u00e9 de personnes ayant perdu partiellement l&rsquo;usage du langage | RTS Le chant des aphasiques &#8211; rts podcast [&hellip;]<\/p>\n","protected":false},"author":1,"featured_media":0,"parent":0,"menu_order":1,"comment_status":"closed","ping_status":"closed","template":"","meta":{"footnotes":""},"class_list":["post-9712","page","type-page","status-publish","hentry"],"yoast_head":"<!-- This site is optimized with the Yoast SEO plugin v27.1.1 - https:\/\/yoast.com\/product\/yoast-seo-wordpress\/ -->\n<title>aphasie suisse | Diffusions radio<\/title>\n<meta name=\"robots\" content=\"index, follow, max-snippet:-1, max-image-preview:large, max-video-preview:-1\" \/>\n<link rel=\"canonical\" href=\"https:\/\/aphasie.org\/fr\/diffusions-radio\/\" \/>\n<meta property=\"og:locale\" content=\"fr_FR\" \/>\n<meta property=\"og:type\" content=\"article\" \/>\n<meta property=\"og:title\" content=\"aphasie suisse | Diffusions radio\" \/>\n<meta property=\"og:description\" content=\"Diffusions radio Ici la Suisse, Episode du 27 ao\u00fbt &#8211; rts podcast Ici la Suisse &#8211; Le ch\u0153ur neuch\u00e2telois LaFaSi, compos\u00e9 de personnes ayant perdu partiellement l&rsquo;usage du langage. Ici la Suisse &#8211; Le ch\u0153ur neuch\u00e2telois LaFaSi, compos\u00e9 de personnes ayant perdu partiellement l&rsquo;usage du langage | RTS Le chant des aphasiques &#8211; rts podcast [&hellip;]\" \/>\n<meta property=\"og:url\" content=\"https:\/\/aphasie.org\/fr\/diffusions-radio\/\" \/>\n<meta property=\"og:site_name\" content=\"aphasie suisse\" \/>\n<meta property=\"article:modified_time\" content=\"2025-12-23T08:59:59+00:00\" \/>\n<meta name=\"twitter:card\" content=\"summary_large_image\" \/>\n<meta name=\"twitter:label1\" content=\"Dur\u00e9e de lecture estim\u00e9e\" \/>\n\t<meta name=\"twitter:data1\" content=\"1 minute\" \/>\n<script type=\"application\/ld+json\" class=\"yoast-schema-graph\">{\"@context\":\"https:\/\/schema.org\",\"@graph\":[{\"@type\":\"WebPage\",\"@id\":\"https:\/\/aphasie.org\/fr\/diffusions-radio\/\",\"url\":\"https:\/\/aphasie.org\/fr\/diffusions-radio\/\",\"name\":\"aphasie suisse | Diffusions radio\",\"isPartOf\":{\"@id\":\"https:\/\/aphasie.org\/#website\"},\"datePublished\":\"2020-05-13T06:27:14+00:00\",\"dateModified\":\"2025-12-23T08:59:59+00:00\",\"breadcrumb\":{\"@id\":\"https:\/\/aphasie.org\/fr\/diffusions-radio\/#breadcrumb\"},\"inLanguage\":\"fr-FR\",\"potentialAction\":[{\"@type\":\"ReadAction\",\"target\":[\"https:\/\/aphasie.org\/fr\/diffusions-radio\/\"]}]},{\"@type\":\"BreadcrumbList\",\"@id\":\"https:\/\/aphasie.org\/fr\/diffusions-radio\/#breadcrumb\",\"itemListElement\":[{\"@type\":\"ListItem\",\"position\":1,\"name\":\"Home\",\"item\":\"https:\/\/aphasie.org\/fr\/home\/\"},{\"@type\":\"ListItem\",\"position\":2,\"name\":\"Diffusions radio\"}]},{\"@type\":\"WebSite\",\"@id\":\"https:\/\/aphasie.org\/#website\",\"url\":\"https:\/\/aphasie.org\/\",\"name\":\"aphasie suisse\",\"description\":\"wenn Worte fehlen\",\"publisher\":{\"@id\":\"https:\/\/aphasie.org\/#organization\"},\"potentialAction\":[{\"@type\":\"SearchAction\",\"target\":{\"@type\":\"EntryPoint\",\"urlTemplate\":\"https:\/\/aphasie.org\/?s={search_term_string}\"},\"query-input\":{\"@type\":\"PropertyValueSpecification\",\"valueRequired\":true,\"valueName\":\"search_term_string\"}}],\"inLanguage\":\"fr-FR\"},{\"@type\":\"Organization\",\"@id\":\"https:\/\/aphasie.org\/#organization\",\"name\":\"aphasie suisse\",\"url\":\"https:\/\/aphasie.org\/\",\"logo\":{\"@type\":\"ImageObject\",\"inLanguage\":\"fr-FR\",\"@id\":\"https:\/\/aphasie.org\/#\/schema\/logo\/image\/\",\"url\":\"https:\/\/aphasie.org\/wp-content\/uploads\/2020\/05\/aphasie_Logo-1.svg\",\"contentUrl\":\"https:\/\/aphasie.org\/wp-content\/uploads\/2020\/05\/aphasie_Logo-1.svg\",\"width\":133.599999999999994315658113919198513031005859375,\"height\":68.5,\"caption\":\"aphasie suisse\"},\"image\":{\"@id\":\"https:\/\/aphasie.org\/#\/schema\/logo\/image\/\"}}]}<\/script>\n<!-- \/ Yoast SEO plugin. -->","yoast_head_json":{"title":"aphasie suisse | Diffusions radio","robots":{"index":"index","follow":"follow","max-snippet":"max-snippet:-1","max-image-preview":"max-image-preview:large","max-video-preview":"max-video-preview:-1"},"canonical":"https:\/\/aphasie.org\/fr\/diffusions-radio\/","og_locale":"fr_FR","og_type":"article","og_title":"aphasie suisse | Diffusions radio","og_description":"Diffusions radio Ici la Suisse, Episode du 27 ao\u00fbt &#8211; rts podcast Ici la Suisse &#8211; Le ch\u0153ur neuch\u00e2telois LaFaSi, compos\u00e9 de personnes ayant perdu partiellement l&rsquo;usage du langage. Ici la Suisse &#8211; Le ch\u0153ur neuch\u00e2telois LaFaSi, compos\u00e9 de personnes ayant perdu partiellement l&rsquo;usage du langage | RTS Le chant des aphasiques &#8211; rts podcast [&hellip;]","og_url":"https:\/\/aphasie.org\/fr\/diffusions-radio\/","og_site_name":"aphasie suisse","article_modified_time":"2025-12-23T08:59:59+00:00","twitter_card":"summary_large_image","twitter_misc":{"Dur\u00e9e de lecture estim\u00e9e":"1 minute"},"schema":{"@context":"https:\/\/schema.org","@graph":[{"@type":"WebPage","@id":"https:\/\/aphasie.org\/fr\/diffusions-radio\/","url":"https:\/\/aphasie.org\/fr\/diffusions-radio\/","name":"aphasie suisse | Diffusions radio","isPartOf":{"@id":"https:\/\/aphasie.org\/#website"},"datePublished":"2020-05-13T06:27:14+00:00","dateModified":"2025-12-23T08:59:59+00:00","breadcrumb":{"@id":"https:\/\/aphasie.org\/fr\/diffusions-radio\/#breadcrumb"},"inLanguage":"fr-FR","potentialAction":[{"@type":"ReadAction","target":["https:\/\/aphasie.org\/fr\/diffusions-radio\/"]}]},{"@type":"BreadcrumbList","@id":"https:\/\/aphasie.org\/fr\/diffusions-radio\/#breadcrumb","itemListElement":[{"@type":"ListItem","position":1,"name":"Home","item":"https:\/\/aphasie.org\/fr\/home\/"},{"@type":"ListItem","position":2,"name":"Diffusions radio"}]},{"@type":"WebSite","@id":"https:\/\/aphasie.org\/#website","url":"https:\/\/aphasie.org\/","name":"aphasie suisse","description":"wenn Worte fehlen","publisher":{"@id":"https:\/\/aphasie.org\/#organization"},"potentialAction":[{"@type":"SearchAction","target":{"@type":"EntryPoint","urlTemplate":"https:\/\/aphasie.org\/?s={search_term_string}"},"query-input":{"@type":"PropertyValueSpecification","valueRequired":true,"valueName":"search_term_string"}}],"inLanguage":"fr-FR"},{"@type":"Organization","@id":"https:\/\/aphasie.org\/#organization","name":"aphasie suisse","url":"https:\/\/aphasie.org\/","logo":{"@type":"ImageObject","inLanguage":"fr-FR","@id":"https:\/\/aphasie.org\/#\/schema\/logo\/image\/","url":"https:\/\/aphasie.org\/wp-content\/uploads\/2020\/05\/aphasie_Logo-1.svg","contentUrl":"https:\/\/aphasie.org\/wp-content\/uploads\/2020\/05\/aphasie_Logo-1.svg","width":133.599999999999994315658113919198513031005859375,"height":68.5,"caption":"aphasie suisse"},"image":{"@id":"https:\/\/aphasie.org\/#\/schema\/logo\/image\/"}}]}},"_links":{"self":[{"href":"https:\/\/aphasie.org\/fr\/wp-json\/wp\/v2\/pages\/9712","targetHints":{"allow":["GET"]}}],"collection":[{"href":"https:\/\/aphasie.org\/fr\/wp-json\/wp\/v2\/pages"}],"about":[{"href":"https:\/\/aphasie.org\/fr\/wp-json\/wp\/v2\/types\/page"}],"author":[{"embeddable":true,"href":"https:\/\/aphasie.org\/fr\/wp-json\/wp\/v2\/users\/1"}],"replies":[{"embeddable":true,"href":"https:\/\/aphasie.org\/fr\/wp-json\/wp\/v2\/comments?post=9712"}],"version-history":[{"count":6,"href":"https:\/\/aphasie.org\/fr\/wp-json\/wp\/v2\/pages\/9712\/revisions"}],"predecessor-version":[{"id":20261,"href":"https:\/\/aphasie.org\/fr\/wp-json\/wp\/v2\/pages\/9712\/revisions\/20261"}],"wp:attachment":[{"href":"https:\/\/aphasie.org\/fr\/wp-json\/wp\/v2\/media?parent=9712"}],"curies":[{"name":"wp","href":"https:\/\/api.w.org\/{rel}","templated":true}]}}