{"id":9713,"date":"2020-05-13T06:27:03","date_gmt":"2020-05-13T06:27:03","guid":{"rendered":"https:\/\/aphasie.org\/filmportraets\/"},"modified":"2026-04-21T12:26:44","modified_gmt":"2026-04-21T12:26:44","slug":"portraits-de-films","status":"publish","type":"page","link":"https:\/\/aphasie.org\/fr\/portraits-de-films\/","title":{"rendered":"Portraits de films"},"content":{"rendered":"\t\t<div data-elementor-type=\"wp-page\" data-elementor-id=\"9713\" class=\"elementor elementor-9713 elementor-60\" data-elementor-post-type=\"page\">\n\t\t\t\t\t\t<section class=\"elementor-section elementor-top-section elementor-element elementor-element-4a429f82 elementor-reverse-mobile elementor-section-boxed elementor-section-height-default elementor-section-height-default\" data-id=\"4a429f82\" data-element_type=\"section\" data-e-type=\"section\" data-settings=\"{&quot;jet_parallax_layout_list&quot;:[{&quot;jet_parallax_layout_image&quot;:{&quot;url&quot;:&quot;&quot;,&quot;id&quot;:&quot;&quot;,&quot;size&quot;:&quot;&quot;},&quot;_id&quot;:&quot;b82f757&quot;,&quot;jet_parallax_layout_image_tablet&quot;:{&quot;url&quot;:&quot;&quot;,&quot;id&quot;:&quot;&quot;,&quot;size&quot;:&quot;&quot;},&quot;jet_parallax_layout_image_mobile&quot;:{&quot;url&quot;:&quot;&quot;,&quot;id&quot;:&quot;&quot;,&quot;size&quot;:&quot;&quot;},&quot;jet_parallax_layout_speed&quot;:{&quot;unit&quot;:&quot;%&quot;,&quot;size&quot;:50,&quot;sizes&quot;:[]},&quot;jet_parallax_layout_type&quot;:&quot;scroll&quot;,&quot;jet_parallax_layout_direction&quot;:&quot;1&quot;,&quot;jet_parallax_layout_fx_direction&quot;:null,&quot;jet_parallax_layout_z_index&quot;:&quot;&quot;,&quot;jet_parallax_layout_bg_x&quot;:50,&quot;jet_parallax_layout_bg_x_tablet&quot;:&quot;&quot;,&quot;jet_parallax_layout_bg_x_mobile&quot;:&quot;&quot;,&quot;jet_parallax_layout_bg_y&quot;:50,&quot;jet_parallax_layout_bg_y_tablet&quot;:&quot;&quot;,&quot;jet_parallax_layout_bg_y_mobile&quot;:&quot;&quot;,&quot;jet_parallax_layout_bg_size&quot;:&quot;auto&quot;,&quot;jet_parallax_layout_bg_size_tablet&quot;:&quot;&quot;,&quot;jet_parallax_layout_bg_size_mobile&quot;:&quot;&quot;,&quot;jet_parallax_layout_animation_prop&quot;:&quot;transform&quot;,&quot;jet_parallax_layout_on&quot;:[&quot;desktop&quot;,&quot;tablet&quot;]}]}\">\n\t\t\t\t\t\t<div class=\"elementor-container elementor-column-gap-default\">\n\t\t\t\t\t<div class=\"elementor-column elementor-col-50 elementor-top-column elementor-element elementor-element-14b47081\" data-id=\"14b47081\" data-element_type=\"column\" data-e-type=\"column\">\n\t\t\t<div class=\"elementor-widget-wrap elementor-element-populated\">\n\t\t\t\t\t\t<div class=\"elementor-element elementor-element-544214c4 elementor-widget elementor-widget-heading\" data-id=\"544214c4\" data-element_type=\"widget\" data-e-type=\"widget\" data-widget_type=\"heading.default\">\n\t\t\t\t<div class=\"elementor-widget-container\">\n\t\t\t\t\t<h1 class=\"elementor-heading-title elementor-size-default\">Portraits film\u00e9s<\/h1>\t\t\t\t<\/div>\n\t\t\t\t<\/div>\n\t\t\t\t<div class=\"elementor-element elementor-element-1cbf9338 elementor-widget-divider--view-line elementor-widget elementor-widget-divider\" data-id=\"1cbf9338\" data-element_type=\"widget\" data-e-type=\"widget\" data-widget_type=\"divider.default\">\n\t\t\t\t<div class=\"elementor-widget-container\">\n\t\t\t\t\t\t\t<div class=\"elementor-divider\">\n\t\t\t<span class=\"elementor-divider-separator\">\n\t\t\t\t\t\t<\/span>\n\t\t<\/div>\n\t\t\t\t\t\t<\/div>\n\t\t\t\t<\/div>\n\t\t\t\t<section class=\"elementor-section elementor-inner-section elementor-element elementor-element-3ba39a7 elementor-section-boxed elementor-section-height-default elementor-section-height-default\" data-id=\"3ba39a7\" data-element_type=\"section\" data-e-type=\"section\" data-settings=\"{&quot;jet_parallax_layout_list&quot;:[],&quot;background_background&quot;:&quot;classic&quot;}\">\n\t\t\t\t\t\t<div class=\"elementor-container elementor-column-gap-default\">\n\t\t\t\t\t<div class=\"elementor-column elementor-col-100 elementor-inner-column elementor-element elementor-element-0dcd903\" data-id=\"0dcd903\" data-element_type=\"column\" data-e-type=\"column\">\n\t\t\t<div class=\"elementor-widget-wrap elementor-element-populated\">\n\t\t\t\t\t\t<div class=\"elementor-element elementor-element-c9f3aa5 elementor-widget elementor-widget-heading\" data-id=\"c9f3aa5\" data-element_type=\"widget\" data-e-type=\"widget\" data-widget_type=\"heading.default\">\n\t\t\t\t<div class=\"elementor-widget-container\">\n\t\t\t\t\t<h4 class=\"elementor-heading-title elementor-size-default\">\nUn astronaute victime d\u2019aphasie en pleine mission - RTBF Info<\/h4>\t\t\t\t<\/div>\n\t\t\t\t<\/div>\n\t\t\t\t<div class=\"elementor-element elementor-element-3b58b70 elementor-widget elementor-widget-text-editor\" data-id=\"3b58b70\" data-element_type=\"widget\" data-e-type=\"widget\" data-widget_type=\"text-editor.default\">\n\t\t\t\t<div class=\"elementor-widget-container\">\n\t\t\t\t\t\t\t\t\t<p>La Station spatiale internationale a \u00e9t\u00e9 le th\u00e9\u00e2tre d\u2019une \u00e9vacuation d\u2019urgence in\u00e9dite apr\u00e8s un probl\u00e8me m\u00e9dical touchant un astronaute. L\u2019agence NASA a d\u00e9cid\u00e9 de rapatrier l\u2019\u00e9quipage avec une capsule de SpaceX. Plusieurs mois apr\u00e8s les faits, l\u2019astronaute Mike Fink r\u00e9v\u00e8le avoir \u00e9t\u00e9 victime d\u2019une aphasie soudaine, perdant totalement l\u2019usage de la parole pendant une vingtaine de minutes en orbite. Un cas in\u00e9dit \u00e0 400 kilom\u00e8tres de la Terre, dont les causes restent encore inexpliqu\u00e9es malgr\u00e9 les examens. Cet incident m\u00e9dical sans pr\u00e9c\u00e9dent soul\u00e8ve de nouvelles questions sur les risques pour la sant\u00e9 humaine dans l\u2019espace.<\/p><p><a href=\"https:\/\/www.youtube.com\/watch?v=CimSGwY_ZBg\">Un astronaute victime d\u2019aphasie en pleine mission &#8211; RTBF Info<\/a><\/p>\t\t\t\t\t\t\t\t<\/div>\n\t\t\t\t<\/div>\n\t\t\t\t\t<\/div>\n\t\t<\/div>\n\t\t\t\t\t<\/div>\n\t\t<\/section>\n\t\t\t\t<section class=\"elementor-section elementor-inner-section elementor-element elementor-element-4c50603 elementor-section-boxed elementor-section-height-default elementor-section-height-default\" data-id=\"4c50603\" data-element_type=\"section\" data-e-type=\"section\" data-settings=\"{&quot;jet_parallax_layout_list&quot;:[],&quot;background_background&quot;:&quot;classic&quot;}\">\n\t\t\t\t\t\t<div class=\"elementor-container elementor-column-gap-default\">\n\t\t\t\t\t<div class=\"elementor-column elementor-col-100 elementor-inner-column elementor-element elementor-element-a72006d\" data-id=\"a72006d\" data-element_type=\"column\" data-e-type=\"column\">\n\t\t\t<div class=\"elementor-widget-wrap elementor-element-populated\">\n\t\t\t\t\t\t<div class=\"elementor-element elementor-element-c4be414 elementor-widget elementor-widget-heading\" data-id=\"c4be414\" data-element_type=\"widget\" data-e-type=\"widget\" data-widget_type=\"heading.default\">\n\t\t\t\t<div class=\"elementor-widget-container\">\n\t\t\t\t\t<h4 class=\"elementor-heading-title elementor-size-default\">Une Journ\u00e9e internationale pour mettre en lumi\u00e8re l'aphasie<\/h4>\t\t\t\t<\/div>\n\t\t\t\t<\/div>\n\t\t\t\t<div class=\"elementor-element elementor-element-deb85e6 elementor-widget elementor-widget-text-editor\" data-id=\"deb85e6\" data-element_type=\"widget\" data-e-type=\"widget\" data-widget_type=\"text-editor.default\">\n\t\t\t\t<div class=\"elementor-widget-container\">\n\t\t\t\t\t\t\t\t\t<p><strong>Ce lundi 20 octobre 2025 marque la toute premi\u00e8re Journ\u00e9e internationale de l\u2019aphasie. Ce trouble du langage, encore trop m\u00e9connu, touche chaque ann\u00e9e pr\u00e8s de 5&rsquo;000 nouvelles personnes en Suisse. Pour en parler et mieux comprendre ses causes ainsi que les moyens de communication avec les personnes aphasiques, nous recevons Th\u00e9r\u00e8se von Wyss, logop\u00e9diste et coordinatrice du groupe neuch\u00e2telois Espace d\u2019\u00c9vasion.<\/strong><\/p><p><a href=\"https:\/\/www.canalalpha.ch\/play\/le-journal\/topic\/39635\/une-journee-internationale-pour-mettre-en-lumiere-laphasie\">Une journ\u00e9e internationale pour mettre en lumi\u00e8re l&rsquo;aphasie &#8211; Canal Alpha<\/a><\/p>\t\t\t\t\t\t\t\t<\/div>\n\t\t\t\t<\/div>\n\t\t\t\t\t<\/div>\n\t\t<\/div>\n\t\t\t\t\t<\/div>\n\t\t<\/section>\n\t\t\t\t<section class=\"elementor-section elementor-inner-section elementor-element elementor-element-40dbf8e elementor-section-boxed elementor-section-height-default elementor-section-height-default\" data-id=\"40dbf8e\" data-element_type=\"section\" data-e-type=\"section\" data-settings=\"{&quot;jet_parallax_layout_list&quot;:[],&quot;background_background&quot;:&quot;classic&quot;}\">\n\t\t\t\t\t\t<div class=\"elementor-container elementor-column-gap-default\">\n\t\t\t\t\t<div class=\"elementor-column elementor-col-100 elementor-inner-column elementor-element elementor-element-5e9dccb\" data-id=\"5e9dccb\" data-element_type=\"column\" data-e-type=\"column\">\n\t\t\t<div class=\"elementor-widget-wrap elementor-element-populated\">\n\t\t\t\t\t\t<div class=\"elementor-element elementor-element-d27beb9 elementor-widget elementor-widget-heading\" data-id=\"d27beb9\" data-element_type=\"widget\" data-e-type=\"widget\" data-widget_type=\"heading.default\">\n\t\t\t\t<div class=\"elementor-widget-container\">\n\t\t\t\t\t<h4 class=\"elementor-heading-title elementor-size-default\">Choeur neuch\u00e2telois des aphasiques \"LaFaSi\"<\/h4>\t\t\t\t<\/div>\n\t\t\t\t<\/div>\n\t\t\t\t<div class=\"elementor-element elementor-element-204b595 elementor-widget elementor-widget-text-editor\" data-id=\"204b595\" data-element_type=\"widget\" data-e-type=\"widget\" data-widget_type=\"text-editor.default\">\n\t\t\t\t<div class=\"elementor-widget-container\">\n\t\t\t\t\t\t\t\t\t<p>L&rsquo;aphasie est une condition qui perturbe votre capacit\u00e9 de comprendre et de communiquer. Les personnes aphasiques peuvent avoir du mal \u00e0 parler et \u00e0 comprendre, \u00e0 lire et \u00e0 \u00e9crire, mais ils peuvent se produire magnifiquement \u00e0 travers le chant. Dans cette chorale neuch\u00e2teloise, chaque chanteur aphasique affronte ses difficult\u00e9s et chaque performance est un triomphe, car tous partagent la joie et le sentiment de r\u00e9ussir quelque chose ensemble. Toute l&rsquo;\u00e9nergie et l&rsquo;engouement pour ce projet r\u00e9sonnent dans leurs voix, et nous allons vous r\u00e9v\u00e9ler cette belle dynamique qui r\u00e8gne au ch\u0153ur LaFaSi.<\/p><p><strong><a href=\"https:\/\/www.rts.ch\/play\/tv\/12h45\/video\/12h45?urn=urn:rts:video:15277402\">CQFD de la RTS d\u00e9di\u00e9 \u00e0 nos ch\u0153urs <\/a><\/strong><\/p><p><strong><a href=\"https:\/\/www.youtube.com\/watch?v=vK2-HZiYrlw\">Choeur neuch\u00e2telois des aphasiques \u00ab\u00a0LaFaSi\u00a0\u00bb &#8211; YouTube<\/a><\/strong><\/p>\t\t\t\t\t\t\t\t<\/div>\n\t\t\t\t<\/div>\n\t\t\t\t\t<\/div>\n\t\t<\/div>\n\t\t\t\t\t<\/div>\n\t\t<\/section>\n\t\t\t\t<section class=\"elementor-section elementor-inner-section elementor-element elementor-element-900f62b elementor-section-boxed elementor-section-height-default elementor-section-height-default\" data-id=\"900f62b\" data-element_type=\"section\" data-e-type=\"section\" data-settings=\"{&quot;jet_parallax_layout_list&quot;:[],&quot;background_background&quot;:&quot;classic&quot;}\">\n\t\t\t\t\t\t<div class=\"elementor-container elementor-column-gap-default\">\n\t\t\t\t\t<div class=\"elementor-column elementor-col-100 elementor-inner-column elementor-element elementor-element-6da518f\" data-id=\"6da518f\" data-element_type=\"column\" data-e-type=\"column\">\n\t\t\t<div class=\"elementor-widget-wrap elementor-element-populated\">\n\t\t\t\t\t\t<div class=\"elementor-element elementor-element-0acf51e elementor-widget elementor-widget-heading\" data-id=\"0acf51e\" data-element_type=\"widget\" data-e-type=\"widget\" data-widget_type=\"heading.default\">\n\t\t\t\t<div class=\"elementor-widget-container\">\n\t\t\t\t\t<h4 class=\"elementor-heading-title elementor-size-default\">Le groupe des Aphasiques Neuch\u00e2tel chante pour communiquer \u00e0 nouveau.<\/h4>\t\t\t\t<\/div>\n\t\t\t\t<\/div>\n\t\t\t\t<div class=\"elementor-element elementor-element-01ab8cc elementor-widget elementor-widget-text-editor\" data-id=\"01ab8cc\" data-element_type=\"widget\" data-e-type=\"widget\" data-widget_type=\"text-editor.default\">\n\t\t\t\t<div class=\"elementor-widget-container\">\n\t\t\t\t\t\t\t\t\t<p>Lire, parler, \u00e9crire : autant de facult\u00e9s qu\u2019Olivier avait totalement perdu il y a 20 ans \u00e0 la suite d\u2019un accident vasculaire c\u00e9r\u00e9bral. Apr\u00e8s des ann\u00e9es d\u2019efforts, il est aujourd\u2019hui un homme qui peut \u00e0 nouveau marcher et s\u2019exprimer. Pour continuer \u00e0 se reconstruire, le chant est d\u00e9sormais un nouveau d\u00e9fi qu\u2019il partage avec le ch\u0153ur des Aphasiques Neuch\u00e2tel. Reportage Jo\u00eblle Aerni, Raphael Crohas, Alain Christen<\/p><p><strong><a href=\"https:\/\/www.rts.ch\/play\/tv\/ensemble\/video\/le-groupe-des-aphasiques-neuchatel-chante-pour-communiquer-a-nouveau-?urn=urn:rts:video:10842978\" target=\"_blank\" rel=\"noopener\">vers le portrait film\u00e9<\/a><\/strong><\/p>\t\t\t\t\t\t\t\t<\/div>\n\t\t\t\t<\/div>\n\t\t\t\t\t<\/div>\n\t\t<\/div>\n\t\t\t\t\t<\/div>\n\t\t<\/section>\n\t\t\t\t<section class=\"elementor-section elementor-inner-section elementor-element elementor-element-6ec0e06 elementor-section-boxed elementor-section-height-default elementor-section-height-default\" data-id=\"6ec0e06\" data-element_type=\"section\" data-e-type=\"section\" data-settings=\"{&quot;jet_parallax_layout_list&quot;:[],&quot;background_background&quot;:&quot;classic&quot;}\">\n\t\t\t\t\t\t<div class=\"elementor-container elementor-column-gap-default\">\n\t\t\t\t\t<div class=\"elementor-column elementor-col-100 elementor-inner-column elementor-element elementor-element-2b55416\" data-id=\"2b55416\" data-element_type=\"column\" data-e-type=\"column\">\n\t\t\t<div class=\"elementor-widget-wrap elementor-element-populated\">\n\t\t\t\t\t\t<div class=\"elementor-element elementor-element-add0d01 elementor-widget elementor-widget-heading\" data-id=\"add0d01\" data-element_type=\"widget\" data-e-type=\"widget\" data-widget_type=\"heading.default\">\n\t\t\t\t<div class=\"elementor-widget-container\">\n\t\t\t\t\t<h4 class=\"elementor-heading-title elementor-size-default\">Aphasie - Aide apr\u00e8s une l\u00e9sion c\u00e9r\u00e9brale<\/h4>\t\t\t\t<\/div>\n\t\t\t\t<\/div>\n\t\t\t\t<div class=\"elementor-element elementor-element-cdb8ac0 elementor-widget elementor-widget-text-editor\" data-id=\"cdb8ac0\" data-element_type=\"widget\" data-e-type=\"widget\" data-widget_type=\"text-editor.default\">\n\t\t\t\t<div class=\"elementor-widget-container\">\n\t\t\t\t\t\t\t\t\t<p>Apr\u00e8s une grave h\u00e9morragie c\u00e9r\u00e9brale, Olivier Abplanalp a d\u00fb r\u00e9apprendre \u00e0 marcher et \u00e0 parler. Des ann\u00e9es plus tard, il a toujours autant de mal \u00e0 manier les chiffres et les mots. Aujourd&rsquo;hui, une th\u00e9rapie par le chant l&rsquo;aide \u00e0 stimuler son cerveau et \u00e0 am\u00e9liorer son \u00e9tat. Un reportage d&rsquo;Alain Christen.<\/p><p><strong><a href=\"https:\/\/www.srf.ch\/play\/tv\/mitenand\/video\/aphasie---hilfe-nach-hirnverletzung?urn=urn:srf:video:88d79de1-f093-4a9b-90ce-1e88ee3f054e\" target=\"_blank\" rel=\"noopener\">vers le portrait film\u00e9<\/a><\/strong><\/p>\t\t\t\t\t\t\t\t<\/div>\n\t\t\t\t<\/div>\n\t\t\t\t\t<\/div>\n\t\t<\/div>\n\t\t\t\t\t<\/div>\n\t\t<\/section>\n\t\t\t\t\t<\/div>\n\t\t<\/div>\n\t\t\t\t<div class=\"elementor-column elementor-col-50 elementor-top-column elementor-element elementor-element-67fedd12\" data-id=\"67fedd12\" data-element_type=\"column\" data-e-type=\"column\" data-settings=\"{&quot;background_background&quot;:&quot;classic&quot;}\">\n\t\t\t<div class=\"elementor-widget-wrap\">\n\t\t\t\t\t\t\t<\/div>\n\t\t<\/div>\n\t\t\t\t\t<\/div>\n\t\t<\/section>\n\t\t\t\t<\/div>\n\t\t","protected":false},"excerpt":{"rendered":"<p>Portraits film\u00e9s Un astronaute victime d\u2019aphasie en pleine mission &#8211; RTBF Info La Station spatiale internationale a \u00e9t\u00e9 le th\u00e9\u00e2tre d\u2019une \u00e9vacuation d\u2019urgence in\u00e9dite apr\u00e8s un probl\u00e8me m\u00e9dical touchant un astronaute. L\u2019agence NASA a d\u00e9cid\u00e9 de rapatrier l\u2019\u00e9quipage avec une capsule de SpaceX. Plusieurs mois apr\u00e8s les faits, l\u2019astronaute Mike Fink r\u00e9v\u00e8le avoir \u00e9t\u00e9 victime [&hellip;]<\/p>\n","protected":false},"author":1,"featured_media":0,"parent":0,"menu_order":0,"comment_status":"closed","ping_status":"closed","template":"","meta":{"footnotes":""},"class_list":["post-9713","page","type-page","status-publish","hentry"],"yoast_head":"<!-- This site is optimized with the Yoast SEO plugin v27.1.1 - https:\/\/yoast.com\/product\/yoast-seo-wordpress\/ -->\n<title>aphasie suisse | Portraits de films<\/title>\n<meta name=\"robots\" content=\"index, follow, max-snippet:-1, max-image-preview:large, max-video-preview:-1\" \/>\n<link rel=\"canonical\" href=\"https:\/\/aphasie.org\/fr\/portraits-de-films\/\" \/>\n<meta property=\"og:locale\" content=\"fr_FR\" \/>\n<meta property=\"og:type\" content=\"article\" \/>\n<meta property=\"og:title\" content=\"aphasie suisse | Portraits de films\" \/>\n<meta property=\"og:description\" content=\"Portraits film\u00e9s Un astronaute victime d\u2019aphasie en pleine mission &#8211; RTBF Info La Station spatiale internationale a \u00e9t\u00e9 le th\u00e9\u00e2tre d\u2019une \u00e9vacuation d\u2019urgence in\u00e9dite apr\u00e8s un probl\u00e8me m\u00e9dical touchant un astronaute. L\u2019agence NASA a d\u00e9cid\u00e9 de rapatrier l\u2019\u00e9quipage avec une capsule de SpaceX. Plusieurs mois apr\u00e8s les faits, l\u2019astronaute Mike Fink r\u00e9v\u00e8le avoir \u00e9t\u00e9 victime [&hellip;]\" \/>\n<meta property=\"og:url\" content=\"https:\/\/aphasie.org\/fr\/portraits-de-films\/\" \/>\n<meta property=\"og:site_name\" content=\"aphasie suisse\" \/>\n<meta property=\"article:modified_time\" content=\"2026-04-21T12:26:44+00:00\" \/>\n<meta name=\"twitter:card\" content=\"summary_large_image\" \/>\n<meta name=\"twitter:label1\" content=\"Dur\u00e9e de lecture estim\u00e9e\" \/>\n\t<meta name=\"twitter:data1\" content=\"3 minutes\" \/>\n<script type=\"application\/ld+json\" class=\"yoast-schema-graph\">{\"@context\":\"https:\/\/schema.org\",\"@graph\":[{\"@type\":\"WebPage\",\"@id\":\"https:\/\/aphasie.org\/fr\/portraits-de-films\/\",\"url\":\"https:\/\/aphasie.org\/fr\/portraits-de-films\/\",\"name\":\"aphasie suisse | Portraits de films\",\"isPartOf\":{\"@id\":\"https:\/\/aphasie.org\/#website\"},\"datePublished\":\"2020-05-13T06:27:03+00:00\",\"dateModified\":\"2026-04-21T12:26:44+00:00\",\"breadcrumb\":{\"@id\":\"https:\/\/aphasie.org\/fr\/portraits-de-films\/#breadcrumb\"},\"inLanguage\":\"fr-FR\",\"potentialAction\":[{\"@type\":\"ReadAction\",\"target\":[\"https:\/\/aphasie.org\/fr\/portraits-de-films\/\"]}]},{\"@type\":\"BreadcrumbList\",\"@id\":\"https:\/\/aphasie.org\/fr\/portraits-de-films\/#breadcrumb\",\"itemListElement\":[{\"@type\":\"ListItem\",\"position\":1,\"name\":\"Home\",\"item\":\"https:\/\/aphasie.org\/fr\/home\/\"},{\"@type\":\"ListItem\",\"position\":2,\"name\":\"Portraits de films\"}]},{\"@type\":\"WebSite\",\"@id\":\"https:\/\/aphasie.org\/#website\",\"url\":\"https:\/\/aphasie.org\/\",\"name\":\"aphasie suisse\",\"description\":\"wenn Worte fehlen\",\"publisher\":{\"@id\":\"https:\/\/aphasie.org\/#organization\"},\"potentialAction\":[{\"@type\":\"SearchAction\",\"target\":{\"@type\":\"EntryPoint\",\"urlTemplate\":\"https:\/\/aphasie.org\/?s={search_term_string}\"},\"query-input\":{\"@type\":\"PropertyValueSpecification\",\"valueRequired\":true,\"valueName\":\"search_term_string\"}}],\"inLanguage\":\"fr-FR\"},{\"@type\":\"Organization\",\"@id\":\"https:\/\/aphasie.org\/#organization\",\"name\":\"aphasie suisse\",\"url\":\"https:\/\/aphasie.org\/\",\"logo\":{\"@type\":\"ImageObject\",\"inLanguage\":\"fr-FR\",\"@id\":\"https:\/\/aphasie.org\/#\/schema\/logo\/image\/\",\"url\":\"https:\/\/aphasie.org\/wp-content\/uploads\/2020\/05\/aphasie_Logo-1.svg\",\"contentUrl\":\"https:\/\/aphasie.org\/wp-content\/uploads\/2020\/05\/aphasie_Logo-1.svg\",\"width\":133.599999999999994315658113919198513031005859375,\"height\":68.5,\"caption\":\"aphasie suisse\"},\"image\":{\"@id\":\"https:\/\/aphasie.org\/#\/schema\/logo\/image\/\"}}]}<\/script>\n<!-- \/ Yoast SEO plugin. -->","yoast_head_json":{"title":"aphasie suisse | Portraits de films","robots":{"index":"index","follow":"follow","max-snippet":"max-snippet:-1","max-image-preview":"max-image-preview:large","max-video-preview":"max-video-preview:-1"},"canonical":"https:\/\/aphasie.org\/fr\/portraits-de-films\/","og_locale":"fr_FR","og_type":"article","og_title":"aphasie suisse | Portraits de films","og_description":"Portraits film\u00e9s Un astronaute victime d\u2019aphasie en pleine mission &#8211; RTBF Info La Station spatiale internationale a \u00e9t\u00e9 le th\u00e9\u00e2tre d\u2019une \u00e9vacuation d\u2019urgence in\u00e9dite apr\u00e8s un probl\u00e8me m\u00e9dical touchant un astronaute. L\u2019agence NASA a d\u00e9cid\u00e9 de rapatrier l\u2019\u00e9quipage avec une capsule de SpaceX. Plusieurs mois apr\u00e8s les faits, l\u2019astronaute Mike Fink r\u00e9v\u00e8le avoir \u00e9t\u00e9 victime [&hellip;]","og_url":"https:\/\/aphasie.org\/fr\/portraits-de-films\/","og_site_name":"aphasie suisse","article_modified_time":"2026-04-21T12:26:44+00:00","twitter_card":"summary_large_image","twitter_misc":{"Dur\u00e9e de lecture estim\u00e9e":"3 minutes"},"schema":{"@context":"https:\/\/schema.org","@graph":[{"@type":"WebPage","@id":"https:\/\/aphasie.org\/fr\/portraits-de-films\/","url":"https:\/\/aphasie.org\/fr\/portraits-de-films\/","name":"aphasie suisse | Portraits de films","isPartOf":{"@id":"https:\/\/aphasie.org\/#website"},"datePublished":"2020-05-13T06:27:03+00:00","dateModified":"2026-04-21T12:26:44+00:00","breadcrumb":{"@id":"https:\/\/aphasie.org\/fr\/portraits-de-films\/#breadcrumb"},"inLanguage":"fr-FR","potentialAction":[{"@type":"ReadAction","target":["https:\/\/aphasie.org\/fr\/portraits-de-films\/"]}]},{"@type":"BreadcrumbList","@id":"https:\/\/aphasie.org\/fr\/portraits-de-films\/#breadcrumb","itemListElement":[{"@type":"ListItem","position":1,"name":"Home","item":"https:\/\/aphasie.org\/fr\/home\/"},{"@type":"ListItem","position":2,"name":"Portraits de films"}]},{"@type":"WebSite","@id":"https:\/\/aphasie.org\/#website","url":"https:\/\/aphasie.org\/","name":"aphasie suisse","description":"wenn Worte fehlen","publisher":{"@id":"https:\/\/aphasie.org\/#organization"},"potentialAction":[{"@type":"SearchAction","target":{"@type":"EntryPoint","urlTemplate":"https:\/\/aphasie.org\/?s={search_term_string}"},"query-input":{"@type":"PropertyValueSpecification","valueRequired":true,"valueName":"search_term_string"}}],"inLanguage":"fr-FR"},{"@type":"Organization","@id":"https:\/\/aphasie.org\/#organization","name":"aphasie suisse","url":"https:\/\/aphasie.org\/","logo":{"@type":"ImageObject","inLanguage":"fr-FR","@id":"https:\/\/aphasie.org\/#\/schema\/logo\/image\/","url":"https:\/\/aphasie.org\/wp-content\/uploads\/2020\/05\/aphasie_Logo-1.svg","contentUrl":"https:\/\/aphasie.org\/wp-content\/uploads\/2020\/05\/aphasie_Logo-1.svg","width":133.599999999999994315658113919198513031005859375,"height":68.5,"caption":"aphasie suisse"},"image":{"@id":"https:\/\/aphasie.org\/#\/schema\/logo\/image\/"}}]}},"_links":{"self":[{"href":"https:\/\/aphasie.org\/fr\/wp-json\/wp\/v2\/pages\/9713","targetHints":{"allow":["GET"]}}],"collection":[{"href":"https:\/\/aphasie.org\/fr\/wp-json\/wp\/v2\/pages"}],"about":[{"href":"https:\/\/aphasie.org\/fr\/wp-json\/wp\/v2\/types\/page"}],"author":[{"embeddable":true,"href":"https:\/\/aphasie.org\/fr\/wp-json\/wp\/v2\/users\/1"}],"replies":[{"embeddable":true,"href":"https:\/\/aphasie.org\/fr\/wp-json\/wp\/v2\/comments?post=9713"}],"version-history":[{"count":12,"href":"https:\/\/aphasie.org\/fr\/wp-json\/wp\/v2\/pages\/9713\/revisions"}],"predecessor-version":[{"id":20698,"href":"https:\/\/aphasie.org\/fr\/wp-json\/wp\/v2\/pages\/9713\/revisions\/20698"}],"wp:attachment":[{"href":"https:\/\/aphasie.org\/fr\/wp-json\/wp\/v2\/media?parent=9713"}],"curies":[{"name":"wp","href":"https:\/\/api.w.org\/{rel}","templated":true}]}}