{"id":9719,"date":"2020-05-13T06:22:36","date_gmt":"2020-05-13T06:22:36","guid":{"rendered":"https:\/\/aphasie.org\/krankheitsverlauf\/"},"modified":"2022-11-22T12:10:58","modified_gmt":"2022-11-22T12:10:58","slug":"krankheitsverlauf","status":"publish","type":"page","link":"https:\/\/aphasie.org\/fr\/krankheitsverlauf\/","title":{"rendered":"Evolution des aphasies"},"content":{"rendered":"\t\t<div data-elementor-type=\"wp-page\" data-elementor-id=\"9719\" class=\"elementor elementor-9719 elementor-42\" data-elementor-post-type=\"page\">\n\t\t\t\t\t\t<section class=\"elementor-section elementor-top-section elementor-element elementor-element-13aeb783 elementor-section-boxed elementor-section-height-default elementor-section-height-default\" data-id=\"13aeb783\" data-element_type=\"section\" data-e-type=\"section\" data-settings=\"{&quot;jet_parallax_layout_list&quot;:[{&quot;jet_parallax_layout_image&quot;:{&quot;url&quot;:&quot;&quot;,&quot;id&quot;:&quot;&quot;,&quot;size&quot;:&quot;&quot;},&quot;_id&quot;:&quot;b82f757&quot;,&quot;jet_parallax_layout_image_tablet&quot;:{&quot;url&quot;:&quot;&quot;,&quot;id&quot;:&quot;&quot;,&quot;size&quot;:&quot;&quot;},&quot;jet_parallax_layout_image_mobile&quot;:{&quot;url&quot;:&quot;&quot;,&quot;id&quot;:&quot;&quot;,&quot;size&quot;:&quot;&quot;},&quot;jet_parallax_layout_speed&quot;:{&quot;unit&quot;:&quot;%&quot;,&quot;size&quot;:50,&quot;sizes&quot;:[]},&quot;jet_parallax_layout_type&quot;:&quot;scroll&quot;,&quot;jet_parallax_layout_direction&quot;:&quot;1&quot;,&quot;jet_parallax_layout_fx_direction&quot;:null,&quot;jet_parallax_layout_z_index&quot;:&quot;&quot;,&quot;jet_parallax_layout_bg_x&quot;:50,&quot;jet_parallax_layout_bg_x_tablet&quot;:&quot;&quot;,&quot;jet_parallax_layout_bg_x_mobile&quot;:&quot;&quot;,&quot;jet_parallax_layout_bg_y&quot;:50,&quot;jet_parallax_layout_bg_y_tablet&quot;:&quot;&quot;,&quot;jet_parallax_layout_bg_y_mobile&quot;:&quot;&quot;,&quot;jet_parallax_layout_bg_size&quot;:&quot;auto&quot;,&quot;jet_parallax_layout_bg_size_tablet&quot;:&quot;&quot;,&quot;jet_parallax_layout_bg_size_mobile&quot;:&quot;&quot;,&quot;jet_parallax_layout_animation_prop&quot;:&quot;transform&quot;,&quot;jet_parallax_layout_on&quot;:[&quot;desktop&quot;,&quot;tablet&quot;]}]}\">\n\t\t\t\t\t\t<div class=\"elementor-container elementor-column-gap-default\">\n\t\t\t\t\t<div class=\"elementor-column elementor-col-50 elementor-top-column elementor-element elementor-element-5ee89da\" data-id=\"5ee89da\" data-element_type=\"column\" data-e-type=\"column\">\n\t\t\t<div class=\"elementor-widget-wrap elementor-element-populated\">\n\t\t\t\t\t\t<div class=\"elementor-element elementor-element-533c3e67 elementor-widget elementor-widget-heading\" data-id=\"533c3e67\" data-element_type=\"widget\" data-e-type=\"widget\" data-widget_type=\"heading.default\">\n\t\t\t\t<div class=\"elementor-widget-container\">\n\t\t\t\t\t<h1 class=\"elementor-heading-title elementor-size-default\">Evolution des aphasies\n<\/h1>\t\t\t\t<\/div>\n\t\t\t\t<\/div>\n\t\t\t\t<div class=\"elementor-element elementor-element-2afafbc6 elementor-widget-divider--view-line elementor-widget elementor-widget-divider\" data-id=\"2afafbc6\" data-element_type=\"widget\" data-e-type=\"widget\" data-widget_type=\"divider.default\">\n\t\t\t\t<div class=\"elementor-widget-container\">\n\t\t\t\t\t\t\t<div class=\"elementor-divider\">\n\t\t\t<span class=\"elementor-divider-separator\">\n\t\t\t\t\t\t<\/span>\n\t\t<\/div>\n\t\t\t\t\t\t<\/div>\n\t\t\t\t<\/div>\n\t\t\t\t<div class=\"elementor-element elementor-element-4941f961 elementor-widget elementor-widget-text-editor\" data-id=\"4941f961\" data-element_type=\"widget\" data-e-type=\"widget\" data-widget_type=\"text-editor.default\">\n\t\t\t\t<div class=\"elementor-widget-container\">\n\t\t\t\t\t\t\t\t\t<p>Le degr\u00e9 de r\u00e9cup\u00e9ration est notamment li\u00e9 \u00e0 la localisation et \u00e0 la taille de la l\u00e9sion c\u00e9r\u00e9brale. La r\u00e9cup\u00e9ration est en partie possible gr\u00e2ce \u00e0 la plasticit\u00e9 c\u00e9r\u00e9brale, les cellules nerveuses p\u00e9ri-l\u00e9sionnelles (autour de la l\u00e9sion c\u00e9r\u00e9brale) prenant le relais et se sp\u00e9cialisant dans les fonctions langagi\u00e8res.<\/p><h4><br \/><strong>Phase aigu\u00eb (4\u20136 semaines)<\/strong><\/h4><p>Dans un premier temps, la plupart des personnes aphasiques pense que leurs troubles du langage vont dispara\u00eetre compl\u00e8tement. Fr\u00e9quemment, les personnes souffrant de troubles importants de la compr\u00e9hension ne sont pas tout de suite conscientes de leurs troubles. Elles r\u00e9alisent seulement vaguement que quelque chose n\u2019est plus comme avant. Elles peuvent donc r\u00e9agir de mani\u00e8re agressive, car elles ne comprennent pas ce qui leur arrive: elles ont l\u2019impression que les gens leur jouent un mauvais tour en parlant une langue inconnue. Mais d\u2019autres personnes sont conscientes de leurs troubles d\u00e8s le d\u00e9but et en souffrent beaucoup.<\/p><h4><br \/><strong>Phase post-aigu\u00eb (d\u00e8s 6 semaines)<\/strong><\/h4><p>Dans un second temps et apr\u00e8s la mise en place d\u2019une th\u00e9rapie logop\u00e9dique intensive, les personnes aphasiques commencent \u00e0 r\u00e9aliser qu\u2019elles devront s\u2019habituer \u00e0 vivre avec leurs troubles du langage durant toute leur vie. Beaucoup ne supportent pas cette id\u00e9e et souhaitent redevenir \u00abcomme avant\u00bb. D\u2019autres d\u00e9veloppent une d\u00e9pression, se retirent de la soci\u00e9t\u00e9 et ont le sentiment d\u2019\u00eatre une charge pour les autres. C\u2019est \u00e0 ce moment-l\u00e0 que se posent \u00e9galement des questions tr\u00e8s concr\u00e8tes concernant les finances, telles que les possibilit\u00e9s de reprise professionnelle ou l\u2019octroi d\u2019une rente d\u2019invalidit\u00e9.<\/p><h4><br \/><strong>Phase chronique (d\u00e8s 1 an)<\/strong><\/h4><p>Au fil du temps, les personnes aphasiques parviennent g\u00e9n\u00e9ralement \u00e0 am\u00e9liorer leur qualit\u00e9 de vie, malgr\u00e9 leur handicap. Elles d\u00e9couvrent de nouveaux int\u00e9r\u00eats et de nouvelles activit\u00e9s compatibles avec leurs troubles du langage. Mais une telle r\u00e9organisation de leur vie peut prendre des mois, voire des ann\u00e9es.<\/p><p>Le temps et le soutien n\u00e9cessaires pour ma\u00eetriser un tel changement de vie varient beaucoup d\u2019une personne \u00e0 l\u2019autre. A titre d\u2019exemple, consultez la brochure \u00abBien vivre avec une aphasie\u00bb.<\/p>\t\t\t\t\t\t\t\t<\/div>\n\t\t\t\t<\/div>\n\t\t\t\t\t<\/div>\n\t\t<\/div>\n\t\t\t\t<div class=\"elementor-column elementor-col-50 elementor-top-column elementor-element elementor-element-28db2d84\" data-id=\"28db2d84\" data-element_type=\"column\" data-e-type=\"column\" data-settings=\"{&quot;background_background&quot;:&quot;classic&quot;}\">\n\t\t\t<div class=\"elementor-widget-wrap elementor-element-populated\">\n\t\t\t\t\t\t<section class=\"elementor-section elementor-inner-section elementor-element elementor-element-79bfc2fd elementor-section-boxed elementor-section-height-default elementor-section-height-default\" data-id=\"79bfc2fd\" data-element_type=\"section\" data-e-type=\"section\" data-settings=\"{&quot;jet_parallax_layout_list&quot;:[{&quot;jet_parallax_layout_image&quot;:{&quot;url&quot;:&quot;&quot;,&quot;id&quot;:&quot;&quot;,&quot;size&quot;:&quot;&quot;},&quot;_id&quot;:&quot;626650f&quot;,&quot;jet_parallax_layout_image_tablet&quot;:{&quot;url&quot;:&quot;&quot;,&quot;id&quot;:&quot;&quot;,&quot;size&quot;:&quot;&quot;},&quot;jet_parallax_layout_image_mobile&quot;:{&quot;url&quot;:&quot;&quot;,&quot;id&quot;:&quot;&quot;,&quot;size&quot;:&quot;&quot;},&quot;jet_parallax_layout_speed&quot;:{&quot;unit&quot;:&quot;%&quot;,&quot;size&quot;:50,&quot;sizes&quot;:[]},&quot;jet_parallax_layout_type&quot;:&quot;scroll&quot;,&quot;jet_parallax_layout_direction&quot;:&quot;1&quot;,&quot;jet_parallax_layout_fx_direction&quot;:null,&quot;jet_parallax_layout_z_index&quot;:&quot;&quot;,&quot;jet_parallax_layout_bg_x&quot;:50,&quot;jet_parallax_layout_bg_x_tablet&quot;:&quot;&quot;,&quot;jet_parallax_layout_bg_x_mobile&quot;:&quot;&quot;,&quot;jet_parallax_layout_bg_y&quot;:50,&quot;jet_parallax_layout_bg_y_tablet&quot;:&quot;&quot;,&quot;jet_parallax_layout_bg_y_mobile&quot;:&quot;&quot;,&quot;jet_parallax_layout_bg_size&quot;:&quot;auto&quot;,&quot;jet_parallax_layout_bg_size_tablet&quot;:&quot;&quot;,&quot;jet_parallax_layout_bg_size_mobile&quot;:&quot;&quot;,&quot;jet_parallax_layout_animation_prop&quot;:&quot;transform&quot;,&quot;jet_parallax_layout_on&quot;:[&quot;desktop&quot;,&quot;tablet&quot;]}],&quot;sticky&quot;:&quot;top&quot;,&quot;sticky_offset&quot;:175,&quot;sticky_on&quot;:[&quot;desktop&quot;,&quot;tablet&quot;],&quot;sticky_effects_offset&quot;:348,&quot;sticky_anchor_link_offset&quot;:0}\">\n\t\t\t\t\t\t<div class=\"elementor-container elementor-column-gap-default\">\n\t\t\t\t\t<div class=\"elementor-column elementor-col-100 elementor-inner-column elementor-element elementor-element-39055f27\" data-id=\"39055f27\" data-element_type=\"column\" data-e-type=\"column\" data-settings=\"{&quot;background_background&quot;:&quot;classic&quot;}\">\n\t\t\t<div class=\"elementor-widget-wrap elementor-element-populated\">\n\t\t\t\t\t\t<div class=\"elementor-element elementor-element-45d683ae elementor-widget elementor-widget-nav-menu\" data-id=\"45d683ae\" data-element_type=\"widget\" data-e-type=\"widget\" data-settings=\"{&quot;layout&quot;:&quot;dropdown&quot;,&quot;submenu_icon&quot;:{&quot;value&quot;:&quot;&lt;i class=\\&quot;fas fa-chevron-down\\&quot; aria-hidden=\\&quot;true\\&quot;&gt;&lt;\\\/i&gt;&quot;,&quot;library&quot;:&quot;fa-solid&quot;}}\" data-widget_type=\"nav-menu.default\">\n\t\t\t\t<div class=\"elementor-widget-container\">\n\t\t\t\t\t\t\t\t<nav class=\"elementor-nav-menu--dropdown elementor-nav-menu__container\" aria-hidden=\"true\">\n\t\t\t\t<ul id=\"menu-2-45d683ae\" class=\"elementor-nav-menu\"><li class=\"menu-item menu-item-type-post_type menu-item-object-page menu-item-9902\"><a href=\"https:\/\/aphasie.org\/fr\/symptomes\/\" class=\"elementor-item\" tabindex=\"-1\">Sympt\u00f4mes<\/a><\/li>\n<li class=\"menu-item menu-item-type-post_type menu-item-object-page menu-item-9903\"><a href=\"https:\/\/aphasie.org\/fr\/definition\/\" class=\"elementor-item\" tabindex=\"-1\">D\u00e9finition<\/a><\/li>\n<li class=\"menu-item menu-item-type-post_type menu-item-object-page menu-item-9904\"><a href=\"https:\/\/aphasie.org\/fr\/repercussions\/\" class=\"elementor-item\" tabindex=\"-1\">R\u00e9percussions<\/a><\/li>\n<li class=\"menu-item menu-item-type-post_type menu-item-object-page menu-item-9905\"><a href=\"https:\/\/aphasie.org\/fr\/symptomes-associes\/\" class=\"elementor-item\" tabindex=\"-1\">Sympt\u00f4mes associ\u00e9s<\/a><\/li>\n<li class=\"menu-item menu-item-type-post_type menu-item-object-page menu-item-9906\"><a href=\"https:\/\/aphasie.org\/fr\/ursachen\/\" class=\"elementor-item\" tabindex=\"-1\">Causes<\/a><\/li>\n<li class=\"menu-item menu-item-type-post_type menu-item-object-page menu-item-9907\"><a href=\"https:\/\/aphasie.org\/fr\/krankheitsverlauf\/\" class=\"elementor-item\" tabindex=\"-1\">Evolution des aphasies<\/a><\/li>\n<li class=\"menu-item menu-item-type-post_type menu-item-object-page menu-item-9908\"><a href=\"https:\/\/aphasie.org\/fr\/sprachtherapie\/\" class=\"elementor-item\" tabindex=\"-1\">Traitement logop\u00e9dique<\/a><\/li>\n<\/ul>\t\t\t<\/nav>\n\t\t\t\t\t\t<\/div>\n\t\t\t\t<\/div>\n\t\t\t\t\t<\/div>\n\t\t<\/div>\n\t\t\t\t\t<\/div>\n\t\t<\/section>\n\t\t\t\t\t<\/div>\n\t\t<\/div>\n\t\t\t\t\t<\/div>\n\t\t<\/section>\n\t\t\t\t<\/div>\n\t\t","protected":false},"excerpt":{"rendered":"<p>Evolution des aphasies Le degr\u00e9 de r\u00e9cup\u00e9ration est notamment li\u00e9 \u00e0 la localisation et \u00e0 la taille de la l\u00e9sion c\u00e9r\u00e9brale. La r\u00e9cup\u00e9ration est en partie possible gr\u00e2ce \u00e0 la plasticit\u00e9 c\u00e9r\u00e9brale, les cellules nerveuses p\u00e9ri-l\u00e9sionnelles (autour de la l\u00e9sion c\u00e9r\u00e9brale) prenant le relais et se sp\u00e9cialisant dans les fonctions langagi\u00e8res. Phase aigu\u00eb (4\u20136 semaines) [&hellip;]<\/p>\n","protected":false},"author":1,"featured_media":0,"parent":0,"menu_order":5,"comment_status":"closed","ping_status":"closed","template":"","meta":{"footnotes":""},"class_list":["post-9719","page","type-page","status-publish","hentry"],"yoast_head":"<!-- This site is optimized with the Yoast SEO plugin v27.1.1 - https:\/\/yoast.com\/product\/yoast-seo-wordpress\/ -->\n<title>aphasie suisse | Evolution des aphasies<\/title>\n<meta name=\"robots\" content=\"index, follow, max-snippet:-1, max-image-preview:large, max-video-preview:-1\" \/>\n<link rel=\"canonical\" href=\"https:\/\/aphasie.org\/fr\/krankheitsverlauf\/\" \/>\n<meta property=\"og:locale\" content=\"fr_FR\" \/>\n<meta property=\"og:type\" content=\"article\" \/>\n<meta property=\"og:title\" content=\"aphasie suisse | Evolution des aphasies\" \/>\n<meta property=\"og:description\" content=\"Evolution des aphasies Le degr\u00e9 de r\u00e9cup\u00e9ration est notamment li\u00e9 \u00e0 la localisation et \u00e0 la taille de la l\u00e9sion c\u00e9r\u00e9brale. La r\u00e9cup\u00e9ration est en partie possible gr\u00e2ce \u00e0 la plasticit\u00e9 c\u00e9r\u00e9brale, les cellules nerveuses p\u00e9ri-l\u00e9sionnelles (autour de la l\u00e9sion c\u00e9r\u00e9brale) prenant le relais et se sp\u00e9cialisant dans les fonctions langagi\u00e8res. Phase aigu\u00eb (4\u20136 semaines) [&hellip;]\" \/>\n<meta property=\"og:url\" content=\"https:\/\/aphasie.org\/fr\/krankheitsverlauf\/\" \/>\n<meta property=\"og:site_name\" content=\"aphasie suisse\" \/>\n<meta property=\"article:modified_time\" content=\"2022-11-22T12:10:58+00:00\" \/>\n<meta name=\"twitter:card\" content=\"summary_large_image\" \/>\n<meta name=\"twitter:label1\" content=\"Dur\u00e9e de lecture estim\u00e9e\" \/>\n\t<meta name=\"twitter:data1\" content=\"2 minutes\" \/>\n<script type=\"application\/ld+json\" class=\"yoast-schema-graph\">{\"@context\":\"https:\/\/schema.org\",\"@graph\":[{\"@type\":\"WebPage\",\"@id\":\"https:\/\/aphasie.org\/fr\/krankheitsverlauf\/\",\"url\":\"https:\/\/aphasie.org\/fr\/krankheitsverlauf\/\",\"name\":\"aphasie suisse | Evolution des aphasies\",\"isPartOf\":{\"@id\":\"https:\/\/aphasie.org\/#website\"},\"datePublished\":\"2020-05-13T06:22:36+00:00\",\"dateModified\":\"2022-11-22T12:10:58+00:00\",\"breadcrumb\":{\"@id\":\"https:\/\/aphasie.org\/fr\/krankheitsverlauf\/#breadcrumb\"},\"inLanguage\":\"fr-FR\",\"potentialAction\":[{\"@type\":\"ReadAction\",\"target\":[\"https:\/\/aphasie.org\/fr\/krankheitsverlauf\/\"]}]},{\"@type\":\"BreadcrumbList\",\"@id\":\"https:\/\/aphasie.org\/fr\/krankheitsverlauf\/#breadcrumb\",\"itemListElement\":[{\"@type\":\"ListItem\",\"position\":1,\"name\":\"Home\",\"item\":\"https:\/\/aphasie.org\/fr\/home\/\"},{\"@type\":\"ListItem\",\"position\":2,\"name\":\"Evolution des aphasies\"}]},{\"@type\":\"WebSite\",\"@id\":\"https:\/\/aphasie.org\/#website\",\"url\":\"https:\/\/aphasie.org\/\",\"name\":\"aphasie suisse\",\"description\":\"wenn Worte fehlen\",\"publisher\":{\"@id\":\"https:\/\/aphasie.org\/#organization\"},\"potentialAction\":[{\"@type\":\"SearchAction\",\"target\":{\"@type\":\"EntryPoint\",\"urlTemplate\":\"https:\/\/aphasie.org\/?s={search_term_string}\"},\"query-input\":{\"@type\":\"PropertyValueSpecification\",\"valueRequired\":true,\"valueName\":\"search_term_string\"}}],\"inLanguage\":\"fr-FR\"},{\"@type\":\"Organization\",\"@id\":\"https:\/\/aphasie.org\/#organization\",\"name\":\"aphasie suisse\",\"url\":\"https:\/\/aphasie.org\/\",\"logo\":{\"@type\":\"ImageObject\",\"inLanguage\":\"fr-FR\",\"@id\":\"https:\/\/aphasie.org\/#\/schema\/logo\/image\/\",\"url\":\"https:\/\/aphasie.org\/wp-content\/uploads\/2020\/05\/aphasie_Logo-1.svg\",\"contentUrl\":\"https:\/\/aphasie.org\/wp-content\/uploads\/2020\/05\/aphasie_Logo-1.svg\",\"width\":133.599999999999994315658113919198513031005859375,\"height\":68.5,\"caption\":\"aphasie suisse\"},\"image\":{\"@id\":\"https:\/\/aphasie.org\/#\/schema\/logo\/image\/\"}}]}<\/script>\n<!-- \/ Yoast SEO plugin. -->","yoast_head_json":{"title":"aphasie suisse | Evolution des aphasies","robots":{"index":"index","follow":"follow","max-snippet":"max-snippet:-1","max-image-preview":"max-image-preview:large","max-video-preview":"max-video-preview:-1"},"canonical":"https:\/\/aphasie.org\/fr\/krankheitsverlauf\/","og_locale":"fr_FR","og_type":"article","og_title":"aphasie suisse | Evolution des aphasies","og_description":"Evolution des aphasies Le degr\u00e9 de r\u00e9cup\u00e9ration est notamment li\u00e9 \u00e0 la localisation et \u00e0 la taille de la l\u00e9sion c\u00e9r\u00e9brale. La r\u00e9cup\u00e9ration est en partie possible gr\u00e2ce \u00e0 la plasticit\u00e9 c\u00e9r\u00e9brale, les cellules nerveuses p\u00e9ri-l\u00e9sionnelles (autour de la l\u00e9sion c\u00e9r\u00e9brale) prenant le relais et se sp\u00e9cialisant dans les fonctions langagi\u00e8res. Phase aigu\u00eb (4\u20136 semaines) [&hellip;]","og_url":"https:\/\/aphasie.org\/fr\/krankheitsverlauf\/","og_site_name":"aphasie suisse","article_modified_time":"2022-11-22T12:10:58+00:00","twitter_card":"summary_large_image","twitter_misc":{"Dur\u00e9e de lecture estim\u00e9e":"2 minutes"},"schema":{"@context":"https:\/\/schema.org","@graph":[{"@type":"WebPage","@id":"https:\/\/aphasie.org\/fr\/krankheitsverlauf\/","url":"https:\/\/aphasie.org\/fr\/krankheitsverlauf\/","name":"aphasie suisse | Evolution des aphasies","isPartOf":{"@id":"https:\/\/aphasie.org\/#website"},"datePublished":"2020-05-13T06:22:36+00:00","dateModified":"2022-11-22T12:10:58+00:00","breadcrumb":{"@id":"https:\/\/aphasie.org\/fr\/krankheitsverlauf\/#breadcrumb"},"inLanguage":"fr-FR","potentialAction":[{"@type":"ReadAction","target":["https:\/\/aphasie.org\/fr\/krankheitsverlauf\/"]}]},{"@type":"BreadcrumbList","@id":"https:\/\/aphasie.org\/fr\/krankheitsverlauf\/#breadcrumb","itemListElement":[{"@type":"ListItem","position":1,"name":"Home","item":"https:\/\/aphasie.org\/fr\/home\/"},{"@type":"ListItem","position":2,"name":"Evolution des aphasies"}]},{"@type":"WebSite","@id":"https:\/\/aphasie.org\/#website","url":"https:\/\/aphasie.org\/","name":"aphasie suisse","description":"wenn Worte fehlen","publisher":{"@id":"https:\/\/aphasie.org\/#organization"},"potentialAction":[{"@type":"SearchAction","target":{"@type":"EntryPoint","urlTemplate":"https:\/\/aphasie.org\/?s={search_term_string}"},"query-input":{"@type":"PropertyValueSpecification","valueRequired":true,"valueName":"search_term_string"}}],"inLanguage":"fr-FR"},{"@type":"Organization","@id":"https:\/\/aphasie.org\/#organization","name":"aphasie suisse","url":"https:\/\/aphasie.org\/","logo":{"@type":"ImageObject","inLanguage":"fr-FR","@id":"https:\/\/aphasie.org\/#\/schema\/logo\/image\/","url":"https:\/\/aphasie.org\/wp-content\/uploads\/2020\/05\/aphasie_Logo-1.svg","contentUrl":"https:\/\/aphasie.org\/wp-content\/uploads\/2020\/05\/aphasie_Logo-1.svg","width":133.599999999999994315658113919198513031005859375,"height":68.5,"caption":"aphasie suisse"},"image":{"@id":"https:\/\/aphasie.org\/#\/schema\/logo\/image\/"}}]}},"_links":{"self":[{"href":"https:\/\/aphasie.org\/fr\/wp-json\/wp\/v2\/pages\/9719","targetHints":{"allow":["GET"]}}],"collection":[{"href":"https:\/\/aphasie.org\/fr\/wp-json\/wp\/v2\/pages"}],"about":[{"href":"https:\/\/aphasie.org\/fr\/wp-json\/wp\/v2\/types\/page"}],"author":[{"embeddable":true,"href":"https:\/\/aphasie.org\/fr\/wp-json\/wp\/v2\/users\/1"}],"replies":[{"embeddable":true,"href":"https:\/\/aphasie.org\/fr\/wp-json\/wp\/v2\/comments?post=9719"}],"version-history":[{"count":0,"href":"https:\/\/aphasie.org\/fr\/wp-json\/wp\/v2\/pages\/9719\/revisions"}],"wp:attachment":[{"href":"https:\/\/aphasie.org\/fr\/wp-json\/wp\/v2\/media?parent=9719"}],"curies":[{"name":"wp","href":"https:\/\/api.w.org\/{rel}","templated":true}]}}